{"id":4489,"date":"2025-09-18T14:31:58","date_gmt":"2025-09-18T14:31:58","guid":{"rendered":"https:\/\/www.blognoel.com\/?page_id=4489"},"modified":"2025-10-24T17:04:56","modified_gmt":"2025-10-24T15:04:56","slug":"san-nicolas","status":"publish","type":"page","link":"https:\/\/www.blognoel.com\/es\/personajes\/san-nicolas\/","title":{"rendered":"San Nicol\u00e1s"},"content":{"rendered":"<h1 class=\"wp-block-heading\">\ud83c\udf85 San Nicol\u00e1s: Historia, Leyenda y Legado de un Protector de Ni\u00f1os<\/h1>\n\n\n\n<p class=\"wp-block-paragraph\">Avant le P\u00e8re <a href=\"https:\/\/www.blognoel.com\/es\/\">Navidad<\/a>, il y avait <strong>San Nicol\u00e1s<\/strong>Figura clave de las tradiciones invernales europeas, es el origen de numerosas costumbres que a\u00fan perduran, especialmente en el este de Francia, B\u00e9lgica, Alemania, Pa\u00edses Bajos y Suiza. Protector de los ni\u00f1os, los marineros y los m\u00e1s necesitados, se le celebra el... <strong>6 de diciembre<\/strong>. Mais qui \u00e9tait vraiment Saint Nicolas ? Quelles sont les origines de sa l\u00e9gende et son r\u00f4le dans la <a href=\"https:\/\/www.blognoel.com\/es\/personajes\/jesus\/\">nacimiento<\/a> du P\u00e8re No\u00ebl moderne ?<\/p>\n\n\n\n<hr class=\"wp-block-separator has-alpha-channel-opacity\"\/>\n\n\n\n<h2 class=\"wp-block-heading\">\ud83d\udcd6 Los or\u00edgenes hist\u00f3ricos de San Nicol\u00e1s<\/h2>\n\n\n\n<p class=\"wp-block-paragraph\">San Nicol\u00e1s es una figura hist\u00f3rica. Naci\u00f3 alrededor del a\u00f1o 270 en <strong>Patara<\/strong>, en Licia (actual T\u00fcrkiye), se convirti\u00f3 en obispo de <strong>Myre<\/strong> en el siglo IV.<\/p>\n\n\n\n<ul class=\"wp-block-list\">\n<li>Es conocido por su <strong>piedad y caridad<\/strong>.<\/li>\n\n\n\n<li>Habr\u00eda ayudado a los pobres y protegido a los ni\u00f1os.<\/li>\n\n\n\n<li>Tambi\u00e9n particip\u00f3 en la <strong>Concilio de Nicea<\/strong> en el a\u00f1o 325, que estableci\u00f3 elementos centrales de la fe cristiana.<\/li>\n<\/ul>\n\n\n\n<p class=\"wp-block-paragraph\">Nicol\u00e1s muri\u00f3 alrededor del a\u00f1o 343 y su tumba se convirti\u00f3 r\u00e1pidamente en un lugar de peregrinaci\u00f3n. Sus reliquias, posteriormente trasladadas a <strong>Bari<\/strong> (Italia), fortaleciendo a\u00fan m\u00e1s su popularidad en Occidente.<\/p>\n\n\n\n<p class=\"wp-block-paragraph\">La ciudad de Friburgo, en Suiza, tiene un cari\u00f1o especial por este personaje: <a href=\"https:\/\/fribourg.ch\/fr\/fribourg\/evenements\/la-saint-nicolas\/\" target=\"_blank\" rel=\"noreferrer noopener\">https:\/\/fribourg.ch\/fr\/fribourg\/evenements\/la-saint-nicolas\/<\/a><\/p>\n\n\n\n<hr class=\"wp-block-separator has-alpha-channel-opacity\"\/>\n\n\n\n<h2 class=\"wp-block-heading\">\u2728 La leyenda de San Nicol\u00e1s<\/h2>\n\n\n\n<p class=\"wp-block-paragraph\">En torno a esta figura hist\u00f3rica se han desarrollado numerosas leyendas.<\/p>\n\n\n\n<ul class=\"wp-block-list\">\n<li><strong>El milagro de los tres ni\u00f1os<\/strong> La m\u00e1s famosa cuenta que tres ni\u00f1os, asesinados y arrojados al salaz\u00f3n por un carnicero, fueron devueltos a la vida por San Nicol\u00e1s. Es esta historia la que la convierte en la... <strong>protector de los ni\u00f1os<\/strong>.<\/li>\n\n\n\n<li><strong>Pobres jovencitas<\/strong> Se dice que Nicol\u00e1s introdujo oro en secreto en la casa de tres hermanas para permitirles escapar de la pobreza.<\/li>\n\n\n\n<li><strong>Rescate para marineros<\/strong> :Varios relatos cuentan que calm\u00f3 tormentas para salvar barcos.<\/li>\n<\/ul>\n\n\n\n<p class=\"wp-block-paragraph\">Estas historias resaltan su generosidad, su coraje y su papel como protector.<\/p>\n\n\n\n<hr class=\"wp-block-separator has-alpha-channel-opacity\"\/>\n\n\n\n<h2 class=\"wp-block-heading\">\ud83c\udf84 La fiesta de San Nicol\u00e1s<\/h2>\n\n\n\n<p class=\"wp-block-paragraph\">La fiesta de la <strong>San Nicol\u00e1s<\/strong>El 6 de diciembre sigue muy vivo en Europa.<\/p>\n\n\n\n<ul class=\"wp-block-list\">\n<li>En <strong>Lorena<\/strong> (del cual San Nicol\u00e1s es patr\u00f3n), se le dedican grandes desfiles iluminados.<\/li>\n\n\n\n<li>En <strong>Alsacia, Alemania y B\u00e9lgica<\/strong>, distribuye dulces, pan de jengibre y a veces regalos a los ni\u00f1os buenos.<\/li>\n\n\n\n<li>A <strong>Pa\u00edses Bajos<\/strong>, Sinterklaas llega en barco desde Espa\u00f1a, acompa\u00f1ado de sus ayudantes, y se celebra el 5 de diciembre, durante la <em>Sinterklaasavond<\/em>.<\/li>\n<\/ul>\n\n\n\n<p class=\"wp-block-paragraph\">A menudo le acompa\u00f1a un personaje m\u00e1s oscuro: el <strong>Pap\u00e1 Noel<\/strong> (O <em>Knecht Ruprecht<\/em> en Alemania), responsable de castigar a los ni\u00f1os desobedientes.<\/p>\n\n\n\n<hr class=\"wp-block-separator has-alpha-channel-opacity\"\/>\n\n\n\n<h2 class=\"wp-block-heading\">\ud83c\udf85 De San Nicol\u00e1s a Pap\u00e1 Noel<\/h2>\n\n\n\n<p class=\"wp-block-paragraph\">La historia de San Nicol\u00e1s est\u00e1 directamente ligada al nacimiento del <strong>Pap\u00e1 Noel<\/strong>.<\/p>\n\n\n\n<p class=\"wp-block-paragraph\">Cuando los colonos holandeses partieron hacia Am\u00e9rica en el siglo XVII, llevaron consigo la tradici\u00f3n de <strong>San Nicol\u00e1s<\/strong>En Estados Unidos, el nombre evolucion\u00f3 a <strong>Pap\u00e1 Noel<\/strong>, y la figura se transforma gradualmente bajo la influencia de la literatura, los dibujos y la cultura popular.<\/p>\n\n\n\n<p class=\"wp-block-paragraph\">Pap\u00e1 Noel, con su traje rojo y su trineo, mantiene pues un linaje directo con San Nicol\u00e1s.<\/p>\n\n\n\n<hr class=\"wp-block-separator has-alpha-channel-opacity\"\/>\n\n\n\n<h2 class=\"wp-block-heading\">\ud83d\udd0e San Nicol\u00e1s: perspectivas hist\u00f3ricas y antropol\u00f3gicas<\/h2>\n\n\n\n<p class=\"wp-block-paragraph\">Desde un punto de vista hist\u00f3rico, San Nicol\u00e1s encarna la fusi\u00f3n entre:<\/p>\n\n\n\n<ul class=\"wp-block-list\">\n<li>all\u00e1 <strong>figura de un obispo cristiano<\/strong> habiendo existido realmente,<\/li>\n\n\n\n<li>del <strong>creencias populares m\u00e1s antiguas<\/strong>, vinculado a festivales de invierno y esp\u00edritus protectores.<\/li>\n<\/ul>\n\n\n\n<p class=\"wp-block-paragraph\">Los antrop\u00f3logos ven en \u00e9l una figura de <strong>donaci\u00f3n ritual<\/strong> :premia a los buenos ni\u00f1os, nos recuerda la importancia de los valores morales y marca el paso del invierno como una fiesta de solidaridad y luz.<\/p>\n\n\n\n<hr class=\"wp-block-separator has-alpha-channel-opacity\"\/>\n\n\n\n<h2 class=\"wp-block-heading\">\ud83e\udd29 An\u00e9cdotas sobre San Nicol\u00e1s<\/h2>\n\n\n\n<ol class=\"wp-block-list\">\n<li><strong>La santa m\u00e1s representada despu\u00e9s de Mar\u00eda<\/strong> :En la Edad Media, San Nicol\u00e1s fue uno de los santos m\u00e1s populares de Europa.<\/li>\n\n\n\n<li><strong>Un patrimonio culinario<\/strong> :En muchas regiones todav\u00eda se comen pan de jengibre y galletas con su imagen el 6 de diciembre.<\/li>\n\n\n\n<li><strong>Un protector universal<\/strong> :Es el santo patrono no s\u00f3lo de los ni\u00f1os, sino tambi\u00e9n de los marineros, viajeros y prisioneros.<\/li>\n\n\n\n<li><strong>Fiestas espectaculares<\/strong> :En Nancy, Metz o Lieja, desfiles de carrozas, fanfarrias y fuegos artificiales re\u00fanen cada a\u00f1o a miles de personas.<\/li>\n<\/ol>\n\n\n\n<hr class=\"wp-block-separator has-alpha-channel-opacity\"\/>\n\n\n\n<h2 class=\"wp-block-heading\">\ud83c\udf0e La influencia global de San Nicol\u00e1s<\/h2>\n\n\n\n<p class=\"wp-block-paragraph\">Aunque su celebraci\u00f3n est\u00e1 muy viva en Europa, su influencia se extiende m\u00e1s all\u00e1 de las fronteras.<\/p>\n\n\n\n<ul class=\"wp-block-list\">\n<li>En <strong>Am\u00e9rica del norte<\/strong>, dio origen al Pap\u00e1 Noel moderno.<\/li>\n\n\n\n<li>En <strong>Rusia<\/strong>, ciertas tradiciones vinculadas a San Nicol\u00e1s se han fusionado con las de <strong>Ded Moroz<\/strong> (Abuelo Escarcha).<\/li>\n\n\n\n<li>En todo el mundo sigue siendo un s\u00edmbolo de generosidad y protecci\u00f3n.<\/li>\n<\/ul>\n\n\n\n<hr class=\"wp-block-separator has-alpha-channel-opacity\"\/>\n\n\n\n<h2 class=\"wp-block-heading\">\u2728 Los valores universales de San Nicol\u00e1s<\/h2>\n\n\n\n<p class=\"wp-block-paragraph\">San Nicol\u00e1s encarna varios valores que siguen vigentes hoy en d\u00eda:<\/p>\n\n\n\n<ul class=\"wp-block-list\">\n<li><strong>Generosidad<\/strong> :dar sin esperar nada a cambio.<\/li>\n\n\n\n<li><strong>Protecci\u00f3n<\/strong> : velar por los m\u00e1s d\u00e9biles.<\/li>\n\n\n\n<li><strong>Justicia<\/strong> :recompensar el bien y corregir el mal.<\/li>\n\n\n\n<li><strong>Fe y solidaridad<\/strong> :pasar por las pruebas con coraje y confianza.<\/li>\n<\/ul>\n\n\n\n<p class=\"wp-block-paragraph\">Estos valores explican por qu\u00e9 sigue fascinando a j\u00f3venes y mayores, incluso en un mundo moderno marcado por la secularizaci\u00f3n.<\/p>\n\n\n\n<hr class=\"wp-block-separator has-alpha-channel-opacity\"\/>\n\n\n\n<h2 class=\"wp-block-heading\">\ud83c\udf81 Saint Nicolas, un h\u00e9ritage toujours vivant<\/h2>\n\n\n\n<p class=\"wp-block-paragraph\">San Nicol\u00e1s no es solo una figura del pasado. Sigue siendo una figura central en las fiestas de invierno, un puente entre las tradiciones cristianas, las creencias populares y la imaginaci\u00f3n navide\u00f1a. Protector de los ni\u00f1os, portador de esperanza y generosidad, inspir\u00f3 a uno de los mayores iconos del mundo: Pap\u00e1 Noel.<\/p>\n\n\n\n<p class=\"wp-block-paragraph\">A trav\u00e9s de su historia y leyendas, nos recuerda que la magia de las fiestas no s\u00f3lo se trata de regalos, sino tambi\u00e9n de solidaridad, fe y amor compartido.<\/p>\n\n\n\n<div class=\"wp-block-columns is-layout-flex wp-container-core-columns-is-layout-8f761849 wp-block-columns-is-layout-flex\">\n<div class=\"wp-block-column is-layout-flow wp-block-column-is-layout-flow\"><\/div>\n\n\n\n<div class=\"wp-block-column is-layout-flow wp-block-column-is-layout-flow\"><\/div>\n<\/div>","protected":false},"excerpt":{"rendered":"<p>\ud83c\udf85 Saint Nicolas : histoire, l\u00e9gende et h\u00e9ritage d\u2019un protecteur des enfants Avant le P\u00e8re No\u00ebl, il y avait Saint Nicolas. Figure incontournable des traditions d\u2019hiver en Europe, il est \u00e0 l\u2019origine de nombreuses coutumes encore vivantes, notamment dans l\u2019est de la France, en Belgique, en Allemagne, aux Pays-Bas ou en Suisse. Protecteur des enfants,&#8230;<\/p>","protected":false},"author":18,"featured_media":4585,"parent":4602,"menu_order":0,"comment_status":"closed","ping_status":"closed","template":"","meta":{"_kad_blocks_custom_css":"","_kad_blocks_head_custom_js":"","_kad_blocks_body_custom_js":"","_kad_blocks_footer_custom_js":"","_kadence_starter_templates_imported_post":false,"_kad_post_transparent":"","_kad_post_title":"","_kad_post_layout":"","_kad_post_sidebar_id":"","_kad_post_content_style":"","_kad_post_vertical_padding":"","_kad_post_feature":"","_kad_post_feature_position":"","_kad_post_header":false,"_kad_post_footer":false,"_kad_post_classname":"","footnotes":""},"class_list":["post-4489","page","type-page","status-publish","has-post-thumbnail","hentry"],"taxonomy_info":[],"featured_image_src_large":["https:\/\/www.blognoel.com\/wp-content\/uploads\/2025\/09\/Saint-Nicolas-dans-le-paysage-serein-1200x800.png",1200,800,true],"author_info":{"display_name":"Jean","author_link":"https:\/\/www.blognoel.com\/es\/author\/bcbg12\/"},"comment_info":0,"jetpack_sharing_enabled":true,"_links":{"self":[{"href":"https:\/\/www.blognoel.com\/es\/wp-json\/wp\/v2\/pages\/4489","targetHints":{"allow":["GET"]}}],"collection":[{"href":"https:\/\/www.blognoel.com\/es\/wp-json\/wp\/v2\/pages"}],"about":[{"href":"https:\/\/www.blognoel.com\/es\/wp-json\/wp\/v2\/types\/page"}],"author":[{"embeddable":true,"href":"https:\/\/www.blognoel.com\/es\/wp-json\/wp\/v2\/users\/18"}],"replies":[{"embeddable":true,"href":"https:\/\/www.blognoel.com\/es\/wp-json\/wp\/v2\/comments?post=4489"}],"version-history":[{"count":4,"href":"https:\/\/www.blognoel.com\/es\/wp-json\/wp\/v2\/pages\/4489\/revisions"}],"predecessor-version":[{"id":4953,"href":"https:\/\/www.blognoel.com\/es\/wp-json\/wp\/v2\/pages\/4489\/revisions\/4953"}],"up":[{"embeddable":true,"href":"https:\/\/www.blognoel.com\/es\/wp-json\/wp\/v2\/pages\/4602"}],"wp:featuredmedia":[{"embeddable":true,"href":"https:\/\/www.blognoel.com\/es\/wp-json\/wp\/v2\/media\/4585"}],"wp:attachment":[{"href":"https:\/\/www.blognoel.com\/es\/wp-json\/wp\/v2\/media?parent=4489"}],"curies":[{"name":"wp","href":"https:\/\/api.w.org\/{rel}","templated":true}]}}