{"id":4487,"date":"2025-09-18T14:17:06","date_gmt":"2025-09-18T14:17:06","guid":{"rendered":"https:\/\/www.blognoel.com\/?page_id=4487"},"modified":"2025-10-24T17:04:51","modified_gmt":"2025-10-24T15:04:51","slug":"jesus","status":"publish","type":"page","link":"https:\/\/www.blognoel.com\/es\/personajes\/jesus\/","title":{"rendered":"Jes\u00fas"},"content":{"rendered":"<h1 class=\"wp-block-heading\">\u271d\ufe0f Jes\u00fas: historia, fe cristiana y herencia universal de sus valores<\/h1>\n\n\n\n<p class=\"wp-block-paragraph\">Figura central del cristianismo, Jes\u00fas de Nazaret es sin duda una de las figuras m\u00e1s significativas de la historia de la humanidad. Para m\u00e1s de dos mil millones de creyentes, es el <strong>Hijo de Dios, el Mes\u00edas y el Salvador<\/strong> Anunciado por las Escrituras. Pero m\u00e1s all\u00e1 de la fe cristiana, Jes\u00fas tambi\u00e9n fascina a historiadores, fil\u00f3sofos y antrop\u00f3logos, pues sus ense\u00f1anzas y su viaje han influido en civilizaciones, culturas y valores universales.<\/p>\n\n\n\n<p class=\"wp-block-paragraph\">\u00bfQui\u00e9n fue Jes\u00fas? \u00bfCu\u00e1l es su historia? \u00bfY qu\u00e9 valores ofreci\u00f3 a la humanidad?<\/p>\n\n\n\n<hr class=\"wp-block-separator has-alpha-channel-opacity\"\/>\n\n\n\n<h2 class=\"wp-block-heading\">\ud83c\udf0d Los or\u00edgenes hist\u00f3ricos de Jes\u00fas de Nazaret<\/h2>\n\n\n\n<p class=\"wp-block-paragraph\">Jes\u00fas naci\u00f3 hace unos 2000 a\u00f1os, en <strong>Palestina<\/strong>, una regi\u00f3n situada en la encrucijada de los mundos romano, griego y jud\u00edo. Los Evangelios sit\u00faan su nacimiento en <strong>Bel\u00e9n<\/strong>, dans une famille modeste. Son <a href=\"https:\/\/www.blognoel.com\/es\/personajes\/papa-noel\/\">p\u00e8re<\/a> adoptif, Joseph, \u00e9tait charpentier, et sa m\u00e8re, Marie, est honor\u00e9e comme la \u00ab Vierge \u00bb dans la foi chr\u00e9tienne.<\/p>\n\n\n\n<p class=\"wp-block-paragraph\">Pocas fuentes hist\u00f3ricas externas hablan directamente de Jes\u00fas, pero autores como <strong>Flavio Josefo<\/strong> (Historiador jud\u00edo del siglo I) o <strong>T\u00e1cito<\/strong> (Historiador romano) confirma la existencia de un hombre llamado Jes\u00fas, que reuni\u00f3 disc\u00edpulos y fue ejecutado por crucifixi\u00f3n bajo el gobernador romano Poncio Pilato.<\/p>\n\n\n\n<figure class=\"wp-block-embed is-type-rich is-provider-instagram wp-block-embed-instagram\"><div class=\"wp-block-embed__wrapper\">\n<blockquote class=\"instagram-media\" data-instgrm-captioned data-instgrm-permalink=\"https:\/\/www.instagram.com\/p\/DNXu7WKMQmP\/?utm_source=ig_embed&amp;utm_campaign=loading\" data-instgrm-version=\"14\" style=\" background:#FFF; border:0; border-radius:3px; box-shadow:0 0 1px 0 rgba(0,0,0,0.5),0 1px 10px 0 rgba(0,0,0,0.15); margin: 1px; max-width:658px; min-width:326px; padding:0; width:99.375%; width:-webkit-calc(100% - 2px); width:calc(100% - 2px);\"><div style=\"padding:16px;\"> <a href=\"https:\/\/www.instagram.com\/p\/DNXu7WKMQmP\/?utm_source=ig_embed&amp;utm_campaign=loading\" style=\" background:#FFFFFF; line-height:0; padding:0 0; text-align:center; text-decoration:none; width:100%;\" target=\"_blank\" rel=\"noopener\"> <div style=\" display: flex; flex-direction: row; align-items: center;\"> <div style=\"background-color: #F4F4F4; border-radius: 50%; flex-grow: 0; height: 40px; margin-right: 14px; width: 40px;\"><\/div> <div style=\"display: flex; flex-direction: column; flex-grow: 1; justify-content: center;\"> <div style=\" background-color: #F4F4F4; border-radius: 4px; flex-grow: 0; height: 14px; margin-bottom: 6px; width: 100px;\"><\/div> <div style=\" background-color: #F4F4F4; border-radius: 4px; flex-grow: 0; height: 14px; width: 60px;\"><\/div><\/div><\/div><div style=\"padding: 19% 0;\"><\/div> <div style=\"display:block; height:50px; margin:0 auto 12px; width:50px;\"><svg width=\"50px\" height=\"50px\" viewbox=\"0 0 60 60\" version=\"1.1\" xmlns=\"https:\/\/www.w3.org\/2000\/svg\" xmlns:xlink=\"https:\/\/www.w3.org\/1999\/xlink\"><g stroke=\"none\" stroke-width=\"1\" fill=\"none\" fill-rule=\"evenodd\"><g transform=\"translate(-511.000000, -20.000000)\" fill=\"#000000\"><g><path d=\"M556.869,30.41 C554.814,30.41 553.148,32.076 553.148,34.131 C553.148,36.186 554.814,37.852 556.869,37.852 C558.924,37.852 560.59,36.186 560.59,34.131 C560.59,32.076 558.924,30.41 556.869,30.41 M541,60.657 C535.114,60.657 530.342,55.887 530.342,50 C530.342,44.114 535.114,39.342 541,39.342 C546.887,39.342 551.658,44.114 551.658,50 C551.658,55.887 546.887,60.657 541,60.657 M541,33.886 C532.1,33.886 524.886,41.1 524.886,50 C524.886,58.899 532.1,66.113 541,66.113 C549.9,66.113 557.115,58.899 557.115,50 C557.115,41.1 549.9,33.886 541,33.886 M565.378,62.101 C565.244,65.022 564.756,66.606 564.346,67.663 C563.803,69.06 563.154,70.057 562.106,71.106 C561.058,72.155 560.06,72.803 558.662,73.347 C557.607,73.757 556.021,74.244 553.102,74.378 C549.944,74.521 548.997,74.552 541,74.552 C533.003,74.552 532.056,74.521 528.898,74.378 C525.979,74.244 524.393,73.757 523.338,73.347 C521.94,72.803 520.942,72.155 519.894,71.106 C518.846,70.057 518.197,69.06 517.654,67.663 C517.244,66.606 516.755,65.022 516.623,62.101 C516.479,58.943 516.448,57.996 516.448,50 C516.448,42.003 516.479,41.056 516.623,37.899 C516.755,34.978 517.244,33.391 517.654,32.338 C518.197,30.938 518.846,29.942 519.894,28.894 C520.942,27.846 521.94,27.196 523.338,26.654 C524.393,26.244 525.979,25.756 528.898,25.623 C532.057,25.479 533.004,25.448 541,25.448 C548.997,25.448 549.943,25.479 553.102,25.623 C556.021,25.756 557.607,26.244 558.662,26.654 C560.06,27.196 561.058,27.846 562.106,28.894 C563.154,29.942 563.803,30.938 564.346,32.338 C564.756,33.391 565.244,34.978 565.378,37.899 C565.522,41.056 565.552,42.003 565.552,50 C565.552,57.996 565.522,58.943 565.378,62.101 M570.82,37.631 C570.674,34.438 570.167,32.258 569.425,30.349 C568.659,28.377 567.633,26.702 565.965,25.035 C564.297,23.368 562.623,22.342 560.652,21.575 C558.743,20.834 556.562,20.326 553.369,20.18 C550.169,20.033 549.148,20 541,20 C532.853,20 531.831,20.033 528.631,20.18 C525.438,20.326 523.257,20.834 521.349,21.575 C519.376,22.342 517.703,23.368 516.035,25.035 C514.368,26.702 513.342,28.377 512.574,30.349 C511.834,32.258 511.326,34.438 511.181,37.631 C511.035,40.831 511,41.851 511,50 C511,58.147 511.035,59.17 511.181,62.369 C511.326,65.562 511.834,67.743 512.574,69.651 C513.342,71.625 514.368,73.296 516.035,74.965 C517.703,76.634 519.376,77.658 521.349,78.425 C523.257,79.167 525.438,79.673 528.631,79.82 C531.831,79.965 532.853,80.001 541,80.001 C549.148,80.001 550.169,79.965 553.369,79.82 C556.562,79.673 558.743,79.167 560.652,78.425 C562.623,77.658 564.297,76.634 565.965,74.965 C567.633,73.296 568.659,71.625 569.425,69.651 C570.167,67.743 570.674,65.562 570.82,62.369 C570.966,59.17 571,58.147 571,50 C571,41.851 570.966,40.831 570.82,37.631\"><\/path><\/g><\/g><\/g><\/svg><\/div><div style=\"padding-top: 8px;\"> <div style=\" color:#3897f0; font-family:Arial,sans-serif; font-size:14px; font-style:normal; font-weight:550; line-height:18px;\">Ver esta publicaci\u00f3n en Instagram<\/div><\/div><div style=\"padding: 12.5% 0;\"><\/div> <div style=\"display: flex; flex-direction: row; margin-bottom: 14px; align-items: center;\"><div> <div style=\"background-color: #F4F4F4; border-radius: 50%; height: 12.5px; width: 12.5px; transform: translateX(0px) translateY(7px);\"><\/div> <div style=\"background-color: #F4F4F4; height: 12.5px; transform: rotate(-45deg) translateX(3px) translateY(1px); width: 12.5px; flex-grow: 0; margin-right: 14px; margin-left: 2px;\"><\/div> <div style=\"background-color: #F4F4F4; border-radius: 50%; height: 12.5px; width: 12.5px; transform: translateX(9px) translateY(-18px);\"><\/div><\/div><div style=\"margin-left: 8px;\"> <div style=\" background-color: #F4F4F4; border-radius: 50%; flex-grow: 0; height: 20px; width: 20px;\"><\/div> <div style=\" width: 0; height: 0; border-top: 2px solid transparent; border-left: 6px solid #f4f4f4; border-bottom: 2px solid transparent; transform: translateX(16px) translateY(-4px) rotate(30deg)\"><\/div><\/div><div style=\"margin-left: auto;\"> <div style=\" width: 0px; border-top: 8px solid #F4F4F4; border-right: 8px solid transparent; transform: translateY(16px);\"><\/div> <div style=\" background-color: #F4F4F4; flex-grow: 0; height: 12px; width: 16px; transform: translateY(-4px);\"><\/div> <div style=\" width: 0; height: 0; border-top: 8px solid #F4F4F4; border-left: 8px solid transparent; transform: translateY(-4px) translateX(8px);\"><\/div><\/div><\/div> <div style=\"display: flex; flex-direction: column; flex-grow: 1; justify-content: center; margin-bottom: 24px;\"> <div style=\" background-color: #F4F4F4; border-radius: 4px; flex-grow: 0; height: 14px; margin-bottom: 6px; width: 224px;\"><\/div> <div style=\" background-color: #F4F4F4; border-radius: 4px; flex-grow: 0; height: 14px; width: 144px;\"><\/div><\/div><\/a><p style=\" color:#c9c8cd; font-family:Arial,sans-serif; font-size:14px; line-height:17px; margin-bottom:0; margin-top:8px; overflow:hidden; padding:8px 0 7px; text-align:center; text-overflow:ellipsis; white-space:nowrap;\"><a href=\"https:\/\/www.instagram.com\/p\/DNXu7WKMQmP\/?utm_source=ig_embed&amp;utm_campaign=loading\" style=\" color:#c9c8cd; font-family:Arial,sans-serif; font-size:14px; font-style:normal; font-weight:normal; line-height:17px; text-decoration:none;\" target=\"_blank\" rel=\"noopener\">Una publicaci\u00f3n compartida por interculturel.info (@interkulturell.sea)<\/a><\/p><\/div><\/blockquote><script async src=\"\/\/platform.instagram.com\/en_US\/embeds.js\"><\/script>\n<\/div><\/figure>\n\n\n\n<hr class=\"wp-block-separator has-alpha-channel-opacity\"\/>\n\n\n\n<h2 class=\"wp-block-heading\">\u2728 La fe cristiana: Jes\u00fas, Hijo de Dios y Salvador<\/h2>\n\n\n\n<p class=\"wp-block-paragraph\">Para los cristianos, Jes\u00fas no es solo un hombre. \u00c9l es el <strong>Palabra de Dios hecha carne<\/strong>, venido a revelar el amor divino y a salvar a la humanidad del pecado.<\/p>\n\n\n\n<ul class=\"wp-block-list\">\n<li>Su nacimiento, celebrado en <strong><a href=\"https:\/\/www.blognoel.com\/es\/\">Navidad<\/a><\/strong>, es visto como la encarnaci\u00f3n de Dios en la fragilidad de un ni\u00f1o.<\/li>\n\n\n\n<li>Su vida p\u00fablica, marcada por su <strong>par\u00e1bolas, milagros y encuentros<\/strong>, da testimonio de su cercan\u00eda a los pobres, a los excluidos y a los enfermos.<\/li>\n\n\n\n<li>Su muerte en la cruz, la <strong>Viernes Santo<\/strong>, se interpreta como un acto de sacrificio m\u00e1ximo.<\/li>\n\n\n\n<li>Su resurrecci\u00f3n, celebrada en <strong>Pascua de Resurrecci\u00f3n<\/strong>, est\u00e1 en el coraz\u00f3n de la fe cristiana: simboliza la victoria sobre la muerte y la esperanza de la vida eterna.<\/li>\n<\/ul>\n\n\n\n<p class=\"wp-block-paragraph\">Aprenda m\u00e1s sobre Jes\u00fas: <a href=\"https:\/\/www.eglisehome.com\" target=\"_blank\" rel=\"noopener\">https:\/\/www.eglisehome.com<\/a> Iglesia en Lausana, Suiza<\/p>\n\n\n\n<hr class=\"wp-block-separator has-alpha-channel-opacity\"\/>\n\n\n\n<h2 class=\"wp-block-heading\">\ud83d\udcd6 La ense\u00f1anza de Jes\u00fas: un mensaje universal<\/h2>\n\n\n\n<p class=\"wp-block-paragraph\">Uno de los aspectos m\u00e1s llamativos de Jes\u00fas es su <strong>mensaje centrado en el amor<\/strong>En los Evangelios, sus palabras resuenan todav\u00eda hoy como llamadas universales:<\/p>\n\n\n\n<ul class=\"wp-block-list\">\n<li><strong>Amor al pr\u00f3jimo<\/strong> :\u201cAmaos los unos a los otros como yo os he amado.\u201d<\/li>\n\n\n\n<li><strong>Perd\u00f3n<\/strong> :\u00c9l incluso perdona a sus verdugos en la cruz.<\/li>\n\n\n\n<li><strong>La dignidad de los peque\u00f1os<\/strong> :pone en el centro de su atenci\u00f3n a los ni\u00f1os, a los pobres y a los marginados.<\/li>\n\n\n\n<li><strong>Paz y justicia<\/strong> :Su mensaje trasciende fronteras religiosas y pol\u00edticas.<\/li>\n<\/ul>\n\n\n\n<p class=\"wp-block-paragraph\">Estos valores, aunque profundamente arraigados en la fe cristiana, encuentran eco en otras tradiciones y filosof\u00edas.<\/p>\n\n\n\n<hr class=\"wp-block-separator has-alpha-channel-opacity\"\/>\n\n\n\n<h2 class=\"wp-block-heading\">\ud83d\udd4a\ufe0f Jes\u00fas y los valores que han marcado a la humanidad<\/h2>\n\n\n\n<p class=\"wp-block-paragraph\">El impacto de Jes\u00fas trasciende la religi\u00f3n. Sus ense\u00f1anzas han nutrido valores que se han convertido en referentes universales:<\/p>\n\n\n\n<ul class=\"wp-block-list\">\n<li><strong>Compasi\u00f3n<\/strong> :cuidando a los d\u00e9biles y a los enfermos.<\/li>\n\n\n\n<li><strong>Justicia social<\/strong> :denunciar la hipocres\u00eda, defender a los oprimidos.<\/li>\n\n\n\n<li><strong>Humildad<\/strong> :Jes\u00fas se presenta como siervo, lavando los pies a sus disc\u00edpulos.<\/li>\n\n\n\n<li><strong>Perd\u00f3n y reconciliaci\u00f3n<\/strong> :valores esenciales para la construcci\u00f3n de la paz.<\/li>\n\n\n\n<li><strong>Esperanza<\/strong> :ofrecer un horizonte de amor m\u00e1s grande que el sufrimiento y la muerte.<\/li>\n<\/ul>\n\n\n\n<hr class=\"wp-block-separator has-alpha-channel-opacity\"\/>\n\n\n\n<h2 class=\"wp-block-heading\">\ud83d\udd0e Perspectivas hist\u00f3ricas y antropol\u00f3gicas<\/h2>\n\n\n\n<p class=\"wp-block-paragraph\">Desde un punto de vista hist\u00f3rico, Jes\u00fas es visto como un <strong>rabinos itinerantes<\/strong> Quien ense\u00f1\u00f3 en las aldeas y zonas rurales de Galilea. Sus par\u00e1bolas usaban im\u00e1genes sencillas (semillas, ovejas, vides) para transmitir verdades profundas.<\/p>\n\n\n\n<p class=\"wp-block-paragraph\">La antropolog\u00eda destaca su capacidad para trastocar los c\u00f3digos sociales: hablaba con las mujeres, acog\u00eda a los pecadores, com\u00eda con los excluidos. Ofrec\u00eda as\u00ed una <strong>nueva visi\u00f3n de la comunidad humana<\/strong>, basada en la inclusi\u00f3n y no en la exclusi\u00f3n.<\/p>\n\n\n\n<p class=\"wp-block-paragraph\">Los historiadores tambi\u00e9n destacan la dimensi\u00f3n pol\u00edtica de su ejecuci\u00f3n: el mensaje de un &quot;reino de Dios&quot; pod\u00eda ser percibido como una amenaza por las autoridades romanas y religiosas.<\/p>\n\n\n\n<hr class=\"wp-block-separator has-alpha-channel-opacity\"\/>\n\n\n\n<h2 class=\"wp-block-heading\">\ud83d\udcda An\u00e9cdotas y s\u00edmbolos en torno a Jes\u00fas<\/h2>\n\n\n\n<ul class=\"wp-block-list\">\n<li><strong>Las Bienaventuranzas<\/strong> (Serm\u00f3n del Monte) se consideran a menudo como una \u201ccarta\u201d de su ense\u00f1anza.<\/li>\n\n\n\n<li><strong>Sus par\u00e1bolas<\/strong>, como el del Buen Samaritano o el del Hijo Pr\u00f3digo, siguen siendo citados en la cultura popular y la literatura.<\/li>\n\n\n\n<li><strong>Su relaci\u00f3n con los ni\u00f1os<\/strong> :En una \u00e9poca en la que los ni\u00f1os no ten\u00edan ning\u00fan valor social, Jes\u00fas los sit\u00faa como modelos de pureza y confianza.<\/li>\n\n\n\n<li><strong>Milagros<\/strong> : curaciones, multiplicaci\u00f3n de los panes, caminar sobre las aguas\u2026 m\u00e1s all\u00e1 de su dimensi\u00f3n religiosa, testimonian su misi\u00f3n de proximidad a los que sufren.<\/li>\n<\/ul>\n\n\n\n<hr class=\"wp-block-separator has-alpha-channel-opacity\"\/>\n\n\n\n<h2 class=\"wp-block-heading\">\ud83c\udf0e La influencia global de Jes\u00fas<\/h2>\n\n\n\n<p class=\"wp-block-paragraph\">Hoy en d\u00eda, el cristianismo es la religi\u00f3n m\u00e1s extendida del mundo, con aproximadamente 2.300 millones de seguidores. Pero incluso m\u00e1s all\u00e1 de los c\u00edrculos cristianos, la figura de Jes\u00fas inspira a fil\u00f3sofos, escritores, artistas e incluso activistas por la justicia social.<\/p>\n\n\n\n<p class=\"wp-block-paragraph\">Personalidades como <strong>Gandhi<\/strong> O <strong>Martin Luther King<\/strong> reconoci\u00f3 en su mensaje de no violencia y amor universal una importante fuente de inspiraci\u00f3n.<\/p>\n\n\n\n<hr class=\"wp-block-separator has-alpha-channel-opacity\"\/>\n\n\n\n<h2 class=\"wp-block-heading\">\ud83e\udd14 \u00bfPor qu\u00e9 Jes\u00fas sigue fascinando hoy en d\u00eda?<\/h2>\n\n\n\n<p class=\"wp-block-paragraph\">La fuerza de Jes\u00fas reside en la sencillez y radicalidad de su mensaje: amar incondicionalmente, perdonar sin l\u00edmites, tener esperanza a pesar de todo. En una \u00e9poca marcada por crisis, desigualdades y divisiones, sus palabras resuenan como un llamado a la fraternidad y la paz.<\/p>\n\n\n\n<p class=\"wp-block-paragraph\">Seas creyente o no, la historia de Jes\u00fas invita a todos a reflexionar sobre la propia humanidad y c\u00f3mo construir un mundo m\u00e1s justo y fraterno.<\/p>\n\n\n\n<hr class=\"wp-block-separator has-alpha-channel-opacity\"\/>\n\n\n\n<h2 class=\"wp-block-heading\">\u271d\ufe0f  J\u00e9sus, une figure universelle de l\u2019amour et de l\u2019esp\u00e9rance<\/h2>\n\n\n\n<p class=\"wp-block-paragraph\">Jes\u00fas de Nazaret no solo es el fundador del cristianismo. Es tambi\u00e9n una figura universal, encarnando los valores de la compasi\u00f3n, la justicia y la paz. Para los cristianos, es el Salvador, el Hijo de Dios que vino a ofrecer la vida eterna. Para toda la humanidad, sigue siendo una fuente de inspiraci\u00f3n y un modelo de abnegaci\u00f3n.<\/p>\n\n\n\n<p class=\"wp-block-paragraph\">Uniendo historia, fe y valores, Jes\u00fas contin\u00faa atravesando los siglos como una de las figuras m\u00e1s luminosas de la historia de la humanidad.<\/p>\n\n\n<style>.kt-post-loop4487_286c71-92 .kadence-post-image{padding-top:0px;padding-right:30px;padding-bottom:10px;padding-left:0px;}.kt-post-loop4487_286c71-92 .kt-feat-image-align-left{grid-template-columns:40% auto;}.kt-post-loop4487_286c71-92 .kt-post-grid-wrap{gap:30px 30px;}.kt-post-loop4487_286c71-92 .kt-blocks-post-grid-item{border-top-left-radius:0px;border-top-right-radius:0px;border-bottom-right-radius:0px;border-bottom-left-radius:0px;overflow:hidden;}.kt-post-loop4487_286c71-92 .kt-blocks-post-grid-item .kt-blocks-post-grid-item-inner{padding-top:0px;padding-right:0px;padding-bottom:0px;padding-left:0px;}.kt-post-loop4487_286c71-92 .kt-blocks-post-grid-item header{padding-top:0px;padding-right:0px;padding-bottom:10px;padding-left:0px;margin-top:0px;margin-right:0px;margin-bottom:0px;margin-left:0px;}.kt-post-loop4487_286c71-92 .kt-blocks-post-grid-item .kt-blocks-above-categories{font-size:13px;line-height:20px;text-transform:uppercase;}.kt-post-loop4487_286c71-92 .kt-blocks-post-grid-item .entry-title{padding-top:5px;padding-right:0px;padding-bottom:0px;padding-left:0px;margin-top:0px;margin-right:0px;margin-bottom:0px;margin-left:0px;font-size:24px;line-height:30px;}.kt-post-loop4487_286c71-92 .entry-content{padding-top:0px;padding-right:0px;padding-bottom:0px;padding-left:0px;margin-top:0px;margin-right:0px;margin-bottom:0px;margin-left:0px;font-size:14px;line-height:24px;}.kt-post-loop4487_286c71-92 .kt-blocks-post-footer{border-top-width:0px;border-right-width:0px;border-bottom-width:0px;border-left-width:0px;padding-top:0px;padding-right:0px;padding-bottom:0px;padding-left:0px;margin-top:0px;margin-right:0px;margin-bottom:0px;margin-left:0px;font-size:12px;line-height:20px;text-transform:uppercase;}.kt-post-loop4487_286c71-92 .entry-content:after{height:0px;}.kt-post-loop4487_286c71-92 .kb-filter-item{border-top-width:0px;border-right-width:0px;border-bottom-width:2px;border-left-width:0px;padding-top:5px;padding-right:8px;padding-bottom:5px;padding-left:8px;margin-top:0px;margin-right:10px;margin-bottom:0px;margin-left:0px;}<\/style><div class=\"wp-block-kadence-postgrid kt-blocks-post-loop-block alignnone kt-post-loop4487_286c71-92 kt-post-grid-layout-grid\"><div class=\"kt-post-grid-layout-grid-wrap kt-post-grid-wrap\" data-columns-xxl=\"2\" data-columns-xl=\"2\" data-columns-md=\"2\" data-columns-sm=\"2\" data-columns-xs=\"1\" data-columns-ss=\"1\"data-item-selector=\".kt-post-masonry-item\" aria-label=\"Post Carousel\"><article class=\"kt-blocks-post-grid-item post-4885 post type-post status-publish format-standard has-post-thumbnail hentry category-bible category-traditions\"><div class=\"kt-blocks-post-grid-item-inner-wrap kt-feat-image-align-left kt-feat-image-mobile-align-top\"><div class=\"kadence-post-image\"><div class=\"kadence-post-image-intrisic kt-image-ratio-133-33\" style=\"padding-bottom:133.33%;\"><div class=\"kadence-post-image-inner-intrisic\"><a href=\"https:\/\/www.blognoel.com\/es\/4885\/leveil-dune-etoile-la-nativite-a-travers-les-ages\/\" aria-label=\"Read More L&rsquo;\u00c9veil d&rsquo;une \u00c9toile : La Nativit\u00e9 \u00e0 Travers les \u00c2ges\" class=\"kadence-post-image-inner-wrap\"><img decoding=\"async\" width=\"1200\" height=\"800\" data-src=\"https:\/\/www.blognoel.com\/wp-content\/smush-webp\/2025\/09\/Scene-de-Nativite-sous-letoile-1200x800.png.webp\" class=\"attachment-large size-large wp-post-image lazyload\" alt=\"\" data-srcset=\"https:\/\/www.blognoel.com\/wp-content\/smush-webp\/2025\/09\/Scene-de-Nativite-sous-letoile-1200x800.png.webp 1200w, https:\/\/www.blognoel.com\/wp-content\/smush-webp\/2025\/09\/Scene-de-Nativite-sous-letoile-400x267.png.webp 400w, https:\/\/www.blognoel.com\/wp-content\/smush-webp\/2025\/09\/Scene-de-Nativite-sous-letoile-768x512.png.webp 768w, https:\/\/www.blognoel.com\/wp-content\/smush-webp\/2025\/09\/Scene-de-Nativite-sous-letoile-18x12.png.webp 18w, https:\/\/www.blognoel.com\/wp-content\/smush-webp\/2025\/09\/Scene-de-Nativite-sous-letoile.png.webp 1536w\" data-sizes=\"(max-width: 1200px) 100vw, 1200px\" src=\"data:image\/svg+xml;base64,PHN2ZyB3aWR0aD0iMSIgaGVpZ2h0PSIxIiB4bWxucz0iaHR0cDovL3d3dy53My5vcmcvMjAwMC9zdmciPjwvc3ZnPg==\" style=\"--smush-placeholder-width: 1200px; --smush-placeholder-aspect-ratio: 1200\/800;\" data-smush-webp-fallback=\"{&quot;data-src&quot;:&quot;https:\\\/\\\/www.blognoel.com\\\/wp-content\\\/uploads\\\/2025\\\/09\\\/Scene-de-Nativite-sous-letoile-1200x800.png&quot;,&quot;data-srcset&quot;:&quot;https:\\\/\\\/www.blognoel.com\\\/wp-content\\\/uploads\\\/2025\\\/09\\\/Scene-de-Nativite-sous-letoile-1200x800.png 1200w, https:\\\/\\\/www.blognoel.com\\\/wp-content\\\/uploads\\\/2025\\\/09\\\/Scene-de-Nativite-sous-letoile-400x267.png 400w, https:\\\/\\\/www.blognoel.com\\\/wp-content\\\/uploads\\\/2025\\\/09\\\/Scene-de-Nativite-sous-letoile-768x512.png 768w, https:\\\/\\\/www.blognoel.com\\\/wp-content\\\/uploads\\\/2025\\\/09\\\/Scene-de-Nativite-sous-letoile-18x12.png 18w, https:\\\/\\\/www.blognoel.com\\\/wp-content\\\/uploads\\\/2025\\\/09\\\/Scene-de-Nativite-sous-letoile.png 1536w&quot;}\" \/><\/a><\/div><\/div><\/div><div class=\"kt-blocks-post-grid-item-inner\"><header><h2 class=\"entry-title\"><a href=\"https:\/\/www.blognoel.com\/es\/4885\/leveil-dune-etoile-la-nativite-a-travers-les-ages\/\">L&rsquo;\u00c9veil d&rsquo;une \u00c9toile : La Nativit\u00e9 \u00e0 Travers les \u00c2ges<\/a><\/h2><div class=\"kt-blocks-post-top-meta\"><div class=\"kt-blocks-date\"><span class=\"kt-blocks-date-pretext\">Publicado el <\/span><time datetime=\"2025-10-21T15:21:50+02:00\" class=\"kt-blocks-post-date\">21 octubre 2025<\/time><\/div><\/div><\/header><div class=\"entry-content\">La Nativit\u00e9, c\u00e9l\u00e9br\u00e9e \u00e0 travers le monde, est un moment de rassemblement et de r\u00e9flexion. Elle repr\u00e9sente non seulement la naissance de J\u00e9sus-Christ, mais aussi l&rsquo;\u00e9veil de l&rsquo;espoir et de&#8230;<\/div><footer class=\"kt-blocks-post-footer\"><div class=\"kt-blocks-post-footer-left\"><\/div><div class=\"kt-blocks-post-footer-right\"><\/div><\/footer><\/div><\/div><\/article><article class=\"kt-blocks-post-grid-item post-4865 post type-post status-publish format-standard hentry category-bible category-traditions tag-histoire-2 tag-jesus\"><div class=\"kt-blocks-post-grid-item-inner-wrap kt-feat-image-align-none kt-feat-image-mobile-align-top\"><div class=\"kt-blocks-post-grid-item-inner\"><header><h2 class=\"entry-title\"><a href=\"https:\/\/www.blognoel.com\/es\/4865\/la-naissance-de-jesus-un-evenement-revolutionnaire-dans-lhistoire\/\">La Naissance de J\u00e9sus : Un \u00c9v\u00e9nement R\u00e9volutionnaire dans l&rsquo;Histoire<\/a><\/h2><div class=\"kt-blocks-post-top-meta\"><div class=\"kt-blocks-date\"><span class=\"kt-blocks-date-pretext\">Publicado el <\/span><time datetime=\"2025-10-21T14:21:21+02:00\" class=\"kt-blocks-post-date\">21 octubre 2025<\/time><\/div><\/div><\/header><div class=\"entry-content\">D\u00e9couvrez comment la naissance de J\u00e9sus a boulevers\u00e9 l\u2019histoire de l\u2019humanit\u00e9. Un \u00e9v\u00e9nement spirituel et culturel majeur qui continue d\u2019inspirer le monde entier depuis plus de 2000 ans.<\/div><footer class=\"kt-blocks-post-footer\"><div class=\"kt-blocks-post-footer-left\"><\/div><div class=\"kt-blocks-post-footer-right\"><\/div><\/footer><\/div><\/div><\/article><article class=\"kt-blocks-post-grid-item post-899 post type-post status-publish format-standard hentry category-top category-bible tag-cadeaux-2 tag-fete tag-histoire-2 tag-messe-de-minuit tag-nativite tag-noel tag-tradition\"><div class=\"kt-blocks-post-grid-item-inner-wrap kt-feat-image-align-none kt-feat-image-mobile-align-top\"><div class=\"kt-blocks-post-grid-item-inner\"><header><h2 class=\"entry-title\"><a href=\"https:\/\/www.blognoel.com\/es\/899\/la-navidad-y-la-religion-a-traves-de-los-siglos\/\">Navidad y religi\u00f3n a trav\u00e9s de los siglos<\/a><\/h2><div class=\"kt-blocks-post-top-meta\"><div class=\"kt-blocks-date\"><span class=\"kt-blocks-date-pretext\">Publicado el <\/span><time datetime=\"2014-10-25T23:08:49+02:00\" class=\"kt-blocks-post-date\">25 de octubre de 2014<\/time><\/div><\/div><\/header><div class=\"entry-content\">Aunque la Navidad es una celebraci\u00f3n cristiana que celebra el nacimiento del ni\u00f1o Jes\u00fas, originalmente se concibi\u00f3 como una celebraci\u00f3n pagana. En aquellos tiempos lejanos, la celebraci\u00f3n ten\u00eda\u2026<\/div><footer class=\"kt-blocks-post-footer\"><div class=\"kt-blocks-post-footer-left\"><\/div><div class=\"kt-blocks-post-footer-right\"><\/div><\/footer><\/div><\/div><\/article><article class=\"kt-blocks-post-grid-item post-1516 post type-post status-publish format-standard hentry category-a-la-une category-top category-bible tag-bible-2 tag-fete tag-hiver tag-nativite tag-noel tag-origine\"><div class=\"kt-blocks-post-grid-item-inner-wrap kt-feat-image-align-none kt-feat-image-mobile-align-top\"><div class=\"kt-blocks-post-grid-item-inner\"><header><h2 class=\"entry-title\"><a href=\"https:\/\/www.blognoel.com\/es\/1516\/navidad-una-fiesta-de-origen-pagano\/\">Navidad, una celebraci\u00f3n de origen pagano<\/a><\/h2><div class=\"kt-blocks-post-top-meta\"><div class=\"kt-blocks-date\"><span class=\"kt-blocks-date-pretext\">Publicado el <\/span><time datetime=\"2014-09-01T11:10:34+02:00\" class=\"kt-blocks-post-date\">1 de septiembre de 2014<\/time><\/div><\/div><\/header><div class=\"entry-content\">La Navidad, esperada con ilusi\u00f3n por miles de millones de ni\u00f1os, se celebra el 25 de diciembre, al menos para quienes respetan esta tradici\u00f3n religiosa. Suponiendo que deber\u00eda...<\/div><footer class=\"kt-blocks-post-footer\"><div class=\"kt-blocks-post-footer-left\"><\/div><div class=\"kt-blocks-post-footer-right\"><\/div><\/footer><\/div><\/div><\/article><article class=\"kt-blocks-post-grid-item post-1508 post type-post status-publish format-standard hentry category-top category-bible tag-bible-2 tag-evangelistes tag-noel tag-origine\"><div class=\"kt-blocks-post-grid-item-inner-wrap kt-feat-image-align-none kt-feat-image-mobile-align-top\"><div class=\"kt-blocks-post-grid-item-inner\"><header><h2 class=\"entry-title\"><a href=\"https:\/\/www.blognoel.com\/es\/1508\/la-navidad-segun-la-biblia\/\">La Navidad seg\u00fan la Biblia<\/a><\/h2><div class=\"kt-blocks-post-top-meta\"><div class=\"kt-blocks-date\"><span class=\"kt-blocks-date-pretext\">Publicado el <\/span><time datetime=\"2014-08-01T23:10:54+02:00\" class=\"kt-blocks-post-date\">1 de agosto de 2014<\/time><\/div><\/div><\/header><div class=\"entry-content\">Cada a\u00f1o, miles de millones de personas en todo el mundo celebran la Navidad, pero pocos celebran el nacimiento del ni\u00f1o Jes\u00fas. El 25 de diciembre\u2026<\/div><footer class=\"kt-blocks-post-footer\"><div class=\"kt-blocks-post-footer-left\"><\/div><div class=\"kt-blocks-post-footer-right\"><\/div><\/footer><\/div><\/div><\/article><article class=\"kt-blocks-post-grid-item post-1569 post type-post status-publish format-standard hentry category-a-la-une category-top category-bible tag-bible-2 tag-evangelistes tag-histoire-2 tag-nativite tag-noel tag-rois-mages tag-sapin tag-tradition\"><div class=\"kt-blocks-post-grid-item-inner-wrap kt-feat-image-align-none kt-feat-image-mobile-align-top\"><div class=\"kt-blocks-post-grid-item-inner\"><header><h2 class=\"entry-title\"><a href=\"https:\/\/www.blognoel.com\/es\/1569\/la-estrella-de-belen\/\">La estrella de Bel\u00e9n<\/a><\/h2><div class=\"kt-blocks-post-top-meta\"><div class=\"kt-blocks-date\"><span class=\"kt-blocks-date-pretext\">Publicado el <\/span><time datetime=\"2011-11-21T04:46:29+01:00\" class=\"kt-blocks-post-date\">21 de noviembre de 2011<\/time><\/div><\/div><\/header><div class=\"entry-content\">La Estrella de Bel\u00e9n aparece en la historia de la Natividad, como se menciona en un pasaje del Evangelio seg\u00fan Mateo. Se dice que esta estrella gui\u00f3 a los Reyes Magos, que vinieron de Oriente, a\u2026<\/div><footer class=\"kt-blocks-post-footer\"><div class=\"kt-blocks-post-footer-left\"><\/div><div class=\"kt-blocks-post-footer-right\"><\/div><\/footer><\/div><\/div><\/article><\/div><div class=\"kt-blocks-page-nav\">\n\t<nav class=\"navigation pagination\" aria-label=\"Paginaci\u00f3n de entradas\">\n\t\t<h2 class=\"screen-reader-text\">Paginaci\u00f3n de entradas<\/h2>\n\t\t<div class=\"nav-links\"><span aria-current=\"page\" class=\"page-numbers current\">1<\/span>\n<a class=\"page-numbers\" href=\"https:\/\/www.blognoel.com\/wp-json\/wp\/v2\/pages\/4487\/page\/2\/\">2<\/a>\n<a class=\"next page-numbers\" href=\"https:\/\/www.blognoel.com\/wp-json\/wp\/v2\/pages\/4487\/page\/2\/\"><span class=\"screen-reader-text\">Next Page<\/span><svg style=\"display:inline-block;vertical-align:middle\" aria-hidden=\"true\" class=\"kt-blocks-pagination-right-svg\" viewbox=\"0 0 320 512\" height=\"14\" width=\"8\" fill=\"currentColor\" xmlns=\"http:\/\/www.w3.org\/2000\/svg\"><path d=\"M285.476 272.971L91.132 467.314c-9.373 9.373-24.569 9.373-33.941 0l-22.667-22.667c-9.357-9.357-9.375-24.522-.04-33.901L188.505 256 34.484 101.255c-9.335-9.379-9.317-24.544.04-33.901l22.667-22.667c9.373-9.373 24.569-9.373 33.941 0L285.475 239.03c9.373 9.372 9.373 24.568.001 33.941z\"><\/path><\/svg><\/a><\/div>\n\t<\/nav><\/div><\/div><!-- .wp-block-kadence-postgrid -->","protected":false},"excerpt":{"rendered":"<p>\u271d\ufe0f J\u00e9sus : histoire, foi chr\u00e9tienne et h\u00e9ritage universel de ses valeurs Figure centrale du christianisme, J\u00e9sus de Nazareth est sans doute l\u2019un des personnages les plus marquants de l\u2019histoire de l\u2019humanit\u00e9. Pour plus de deux milliards de croyants, il est le Fils de Dieu, le Messie et le Sauveur annonc\u00e9 par les \u00c9critures. Mais&#8230;<\/p>","protected":false},"author":18,"featured_media":4494,"parent":4602,"menu_order":0,"comment_status":"closed","ping_status":"closed","template":"","meta":{"_kad_blocks_custom_css":"","_kad_blocks_head_custom_js":"","_kad_blocks_body_custom_js":"","_kad_blocks_footer_custom_js":"","_kadence_starter_templates_imported_post":false,"_kad_post_transparent":"","_kad_post_title":"","_kad_post_layout":"","_kad_post_sidebar_id":"","_kad_post_content_style":"","_kad_post_vertical_padding":"","_kad_post_feature":"","_kad_post_feature_position":"","_kad_post_header":false,"_kad_post_footer":false,"_kad_post_classname":"","footnotes":""},"class_list":["post-4487","page","type-page","status-publish","has-post-thumbnail","hentry"],"taxonomy_info":[],"featured_image_src_large":["https:\/\/www.blognoel.com\/wp-content\/uploads\/2025\/09\/Scene-de-Nativite-sous-letoile-1200x800.png",1200,800,true],"author_info":{"display_name":"Jean","author_link":"https:\/\/www.blognoel.com\/es\/author\/bcbg12\/"},"comment_info":0,"jetpack_sharing_enabled":true,"_links":{"self":[{"href":"https:\/\/www.blognoel.com\/es\/wp-json\/wp\/v2\/pages\/4487","targetHints":{"allow":["GET"]}}],"collection":[{"href":"https:\/\/www.blognoel.com\/es\/wp-json\/wp\/v2\/pages"}],"about":[{"href":"https:\/\/www.blognoel.com\/es\/wp-json\/wp\/v2\/types\/page"}],"author":[{"embeddable":true,"href":"https:\/\/www.blognoel.com\/es\/wp-json\/wp\/v2\/users\/18"}],"replies":[{"embeddable":true,"href":"https:\/\/www.blognoel.com\/es\/wp-json\/wp\/v2\/comments?post=4487"}],"version-history":[{"count":4,"href":"https:\/\/www.blognoel.com\/es\/wp-json\/wp\/v2\/pages\/4487\/revisions"}],"predecessor-version":[{"id":4967,"href":"https:\/\/www.blognoel.com\/es\/wp-json\/wp\/v2\/pages\/4487\/revisions\/4967"}],"up":[{"embeddable":true,"href":"https:\/\/www.blognoel.com\/es\/wp-json\/wp\/v2\/pages\/4602"}],"wp:featuredmedia":[{"embeddable":true,"href":"https:\/\/www.blognoel.com\/es\/wp-json\/wp\/v2\/media\/4494"}],"wp:attachment":[{"href":"https:\/\/www.blognoel.com\/es\/wp-json\/wp\/v2\/media?parent=4487"}],"curies":[{"name":"wp","href":"https:\/\/api.w.org\/{rel}","templated":true}]}}