{"id":4486,"date":"2025-09-18T14:31:36","date_gmt":"2025-09-18T14:31:36","guid":{"rendered":"https:\/\/www.blognoel.com\/?page_id=4486"},"modified":"2025-10-24T16:51:45","modified_gmt":"2025-10-24T14:51:45","slug":"papa-noel","status":"publish","type":"page","link":"https:\/\/www.blognoel.com\/es\/personajes\/papa-noel\/","title":{"rendered":"Pap\u00e1 Noel"},"content":{"rendered":"<h1 class=\"wp-block-heading\">\ud83c\udf85 Pap\u00e1 Noel: historia, tradiciones y perspectivas antropol\u00f3gicas sobre una leyenda universal<\/h1>\n\n\n\n<p class=\"wp-block-paragraph\">Le P\u00e8re <a href=\"https:\/\/www.blognoel.com\/es\/\">Navidad<\/a> est sans doute l\u2019un des personnages les plus connus et les plus aim\u00e9s au monde. Chaque fin d\u2019ann\u00e9e, il envahit les vitrines, les films, les cartes postales et surtout l\u2019imaginaire des enfants. Mais qui est vraiment ce vieil homme barbu v\u00eatu de rouge ? D\u2019o\u00f9 vient-il ? Comment a-t-il \u00e9volu\u00e9 au fil des si\u00e8cles pour devenir cette figure universelle du don et de la magie de No\u00ebl ? Derri\u00e8re son image joviale se cache une histoire fascinante, faite de traditions anciennes, de transformations culturelles et m\u00eame d\u2019interpr\u00e9tations anthropologiques.<\/p>\n\n\n\n<figure class=\"wp-block-image size-large\"><img decoding=\"async\" width=\"1200\" height=\"800\" data-src=\"http:\/\/www.blognoel.com\/wp-content\/smush-webp\/2025\/09\/Pere-Noel-au-coucher-du-soleil-1200x800.png.webp\" alt=\"Pap\u00e1 Noel y sus regalos\" class=\"wp-image-4491 lazyload\" data-srcset=\"https:\/\/www.blognoel.com\/wp-content\/smush-webp\/2025\/09\/Pere-Noel-au-coucher-du-soleil-1200x800.png.webp 1200w, https:\/\/www.blognoel.com\/wp-content\/smush-webp\/2025\/09\/Pere-Noel-au-coucher-du-soleil-400x267.png.webp 400w, https:\/\/www.blognoel.com\/wp-content\/smush-webp\/2025\/09\/Pere-Noel-au-coucher-du-soleil-768x512.png.webp 768w, https:\/\/www.blognoel.com\/wp-content\/smush-webp\/2025\/09\/Pere-Noel-au-coucher-du-soleil-18x12.png.webp 18w, https:\/\/www.blognoel.com\/wp-content\/smush-webp\/2025\/09\/Pere-Noel-au-coucher-du-soleil.png.webp 1536w\" data-sizes=\"(max-width: 1200px) 100vw, 1200px\" src=\"data:image\/svg+xml;base64,PHN2ZyB3aWR0aD0iMSIgaGVpZ2h0PSIxIiB4bWxucz0iaHR0cDovL3d3dy53My5vcmcvMjAwMC9zdmciPjwvc3ZnPg==\" style=\"--smush-placeholder-width: 1200px; --smush-placeholder-aspect-ratio: 1200\/800;\" data-smush-webp-fallback=\"{&quot;data-src&quot;:&quot;http:\\\/\\\/www.blognoel.com\\\/wp-content\\\/uploads\\\/2025\\\/09\\\/Pere-Noel-au-coucher-du-soleil-1200x800.png&quot;,&quot;data-srcset&quot;:&quot;https:\\\/\\\/www.blognoel.com\\\/wp-content\\\/uploads\\\/2025\\\/09\\\/Pere-Noel-au-coucher-du-soleil-1200x800.png 1200w, https:\\\/\\\/www.blognoel.com\\\/wp-content\\\/uploads\\\/2025\\\/09\\\/Pere-Noel-au-coucher-du-soleil-400x267.png 400w, https:\\\/\\\/www.blognoel.com\\\/wp-content\\\/uploads\\\/2025\\\/09\\\/Pere-Noel-au-coucher-du-soleil-768x512.png 768w, https:\\\/\\\/www.blognoel.com\\\/wp-content\\\/uploads\\\/2025\\\/09\\\/Pere-Noel-au-coucher-du-soleil-18x12.png 18w, https:\\\/\\\/www.blognoel.com\\\/wp-content\\\/uploads\\\/2025\\\/09\\\/Pere-Noel-au-coucher-du-soleil.png 1536w&quot;}\" \/><\/figure>\n\n\n\n<hr class=\"wp-block-separator has-alpha-channel-opacity\"\/>\n\n\n\n<h2 class=\"wp-block-heading\">\ud83c\udf84 Los or\u00edgenes: de San Nicol\u00e1s a Pap\u00e1 Noel<\/h2>\n\n\n\n<p class=\"wp-block-paragraph\">La historia de Pap\u00e1 Noel tiene sus ra\u00edces en la figura de <strong><a href=\"https:\/\/www.blognoel.com\/es\/personajes\/san-nicolas\/\">San Nicol\u00e1s<\/a><\/strong>Obispo de Mira (actual Turqu\u00eda) en el siglo IV. Conocido por su generosidad y protecci\u00f3n a los ni\u00f1os, r\u00e1pidamente se convirti\u00f3 en un santo muy popular en Europa. Cuenta la leyenda que ayudaba a los pobres depositando monedas de oro o regalos en los zapatos que dejaban en la puerta.<\/p>\n\n\n\n<p class=\"wp-block-paragraph\">En Europa, especialmente en Alemania, los Pa\u00edses Bajos, B\u00e9lgica y el este de Francia, <strong>la fiesta de San Nicol\u00e1s<\/strong>, que se celebra el 6 de diciembre, se ha mantenido muy vigente. Perpet\u00faa la idea de un anciano barbudo que reparte regalos a los ni\u00f1os buenos. Pero, junto a \u00e9l, tambi\u00e9n aparece una figura m\u00e1s siniestra: el <strong>Pap\u00e1 Noel<\/strong>, encargado de castigar a los ni\u00f1os desobedientes.<\/p>\n\n\n\n<p class=\"wp-block-paragraph\">Cuando los colonos holandeses llegaron a Am\u00e9rica en el siglo XVII, trajeron consigo la tradici\u00f3n de <em>San Nicol\u00e1s<\/em>. Este \u00faltimo se ir\u00e1 convirtiendo gradualmente <strong>Pap\u00e1 Noel<\/strong>, antepasado directo de nuestro Pap\u00e1 Noel.<\/p>\n\n\n\n<p class=\"wp-block-paragraph\">Informaci\u00f3n de Pap\u00e1 Noel: <a href=\"https:\/\/www.noel-vert.com\/lunivers-de-noel\/histoire-pere-noel\" target=\"_blank\" rel=\"noreferrer noopener\">https:\/\/www.noel-vert.com\/lunivers-de-noel\/histoire-pere-noel<\/a><\/p>\n\n\n\n<hr class=\"wp-block-separator has-alpha-channel-opacity\"\/>\n\n\n\n<h2 class=\"wp-block-heading\">\ud83c\udf81 La evoluci\u00f3n americana: de Pap\u00e1 Noel a estrella mundial<\/h2>\n\n\n\n<p class=\"wp-block-paragraph\">El verdadero punto de inflexi\u00f3n en la historia de Santa Claus tuvo lugar en Estados Unidos. En 1823, el poema... <strong>\u201cUna visita de San Nicol\u00e1s\u201d<\/strong>, m\u00e1s conocido bajo el t\u00edtulo <em>La noche antes de Navidad<\/em>, describe primero a un anciano alegre que viaja en un trineo tirado por renos.<\/p>\n\n\n\n<p class=\"wp-block-paragraph\">Unas d\u00e9cadas m\u00e1s tarde, el dibujante <strong>Thomas Nast<\/strong> Populariza su imagen en los peri\u00f3dicos estadounidenses: un anciano regordete con barba blanca y ropa roja ribeteada de piel. Nace Santa Claus.<\/p>\n\n\n\n<p class=\"wp-block-paragraph\">En el siglo XX, una empresa fijar\u00eda definitivamente su aparici\u00f3n en el imaginario colectivo: <strong>Coca-cola<\/strong>En la d\u00e9cada de 1930, la marca encarg\u00f3 al caricaturista Haddon Sundblom la creaci\u00f3n de carteles publicitarios que representaban a Pap\u00e1 Noel. El personaje, vestido de rojo brillante, sonriente y afable, recorri\u00f3 el mundo gracias al poder de marketing de la marca. Desde entonces, esta imagen ha dominado todas las fronteras.<\/p>\n\n\n\n<hr class=\"wp-block-separator has-alpha-channel-opacity\"\/>\n\n\n\n<h2 class=\"wp-block-heading\">\ud83c\udf0dUn personaje universal con mil caras<\/h2>\n\n\n\n<p class=\"wp-block-paragraph\">Si bien Santa Claus tal como lo conocemos est\u00e1 inspirado en gran medida en el modelo estadounidense, muchas culturas han mantenido o adaptado sus propias tradiciones.<\/p>\n\n\n\n<ul class=\"wp-block-list\">\n<li>En <strong>Espa\u00f1a<\/strong> y en <strong>Am\u00e9rica Latina<\/strong>, los ni\u00f1os a menudo reciben sus regalos de <strong>Tres Reyes Magos<\/strong> 6 de enero.<\/li>\n\n\n\n<li>En <strong>Italia<\/strong>, all\u00e1 <strong>Befana<\/strong>, una anciana amable, distribuye regalos en la noche de Epifan\u00eda.<\/li>\n\n\n\n<li>En <strong>Rusia<\/strong>, Es <strong>Ded Moroz<\/strong> (El abuelo Frost), acompa\u00f1ado de su nieta Snegurochka, que viene a ofrecer regalos para el A\u00f1o Nuevo.<\/li>\n\n\n\n<li>En los pa\u00edses n\u00f3rdicos encontramos cifras similares, como la <strong>Julenisse<\/strong> en Noruega.<\/li>\n<\/ul>\n\n\n\n<p class=\"wp-block-paragraph\">Entonces, Pap\u00e1 Noel puede ser visto como un <strong>figura universal del don<\/strong>, pero cuya apariencia y nombre var\u00edan seg\u00fan las culturas.<\/p>\n\n\n\n<hr class=\"wp-block-separator has-alpha-channel-opacity\"\/>\n\n\n\n<h2 class=\"wp-block-heading\">\ud83d\udd0e Pap\u00e1 Noel visto por los antrop\u00f3logos<\/h2>\n\n\n\n<p class=\"wp-block-paragraph\">Desde un punto de vista antropol\u00f3gico, Pap\u00e1 Noel no es s\u00f3lo un simple personaje festivo: encarna una <strong>ritualizaci\u00f3n de la donaci\u00f3n y la generosidad<\/strong>Inspirada en las tradiciones religiosas pero tambi\u00e9n en las costumbres paganas vinculadas al solsticio de invierno, participa en el ciclo de fiestas que marcan el final del a\u00f1o.<\/p>\n\n\n\n<p class=\"wp-block-paragraph\">El antrop\u00f3logo Claude L\u00e9vi-Strauss explor\u00f3 a Pap\u00e1 Noel en su art\u00edculo &quot;El Pap\u00e1 Noel torturado&quot; (1952). Analiz\u00f3 al personaje como una figura ritual: inmortal, generoso y portador de valores sociales. Seg\u00fan \u00e9l, Pap\u00e1 Noel es una especie de deidad moderna, aceptada por ni\u00f1os y adultos por igual, ya que simboliza el orden social, la familia y la solidaridad.<\/p>\n\n\n\n<p class=\"wp-block-paragraph\">Otros investigadores apuntan a una conexi\u00f3n con antiguas tradiciones n\u00f3rdicas: el dios Od\u00edn, que montaba un caballo volador y distribu\u00eda regalos en el solsticio, puede haber inspirado algunos aspectos del Pap\u00e1 Noel moderno.<\/p>\n\n\n\n<hr class=\"wp-block-separator has-alpha-channel-opacity\"\/>\n\n\n\n<h2 class=\"wp-block-heading\">\ud83d\udcd6 An\u00e9cdotas sorprendentes sobre Pap\u00e1 Noel<\/h2>\n\n\n\n<ol class=\"wp-block-list\">\n<li><strong>El correo de Santa<\/strong> Cada a\u00f1o se env\u00edan millones de cartas a Pap\u00e1 Noel. En Francia, La Poste ofrece un servicio especial desde 1962, con secretarias que responden las cartas de los ni\u00f1os.<\/li>\n\n\n\n<li><strong>El famoso reno<\/strong> La lista de ocho renos (Cometa, Cupido, Trueno, Rel\u00e1mpago, Veloz, Bailar\u00edn, Furia y Tornado) proviene del poema de 1823. Rodolfo, el reno de la nariz roja, se a\u00f1adi\u00f3 en 1939 mediante una campa\u00f1a publicitaria.<\/li>\n\n\n\n<li><strong>Pueblo de Pap\u00e1 Noel<\/strong> :En Finlandia, en Rovaniemi (Laponia), hay todo un pueblo tur\u00edstico dedicado a Pap\u00e1 Noel, donde podr\u00e1s &quot;conocer&quot; al anciano y a sus renos.<\/li>\n\n\n\n<li><strong>Un personaje a veces controvertido<\/strong> A lo largo de los siglos, algunas voces religiosas han denunciado el aspecto excesivamente comercial de Santa Claus, acus\u00e1ndolo de desviar el esp\u00edritu de la Navidad de su significado cristiano.<\/li>\n<\/ol>\n\n\n\n<hr class=\"wp-block-separator has-alpha-channel-opacity\"\/>\n\n\n\n<h2 class=\"wp-block-heading\">\ud83e\uddea Pap\u00e1 Noel a trav\u00e9s de la ciencia<\/h2>\n\n\n\n<p class=\"wp-block-paragraph\">La ciencia tambi\u00e9n se ha divertido analizando el mito de Pap\u00e1 Noel. Por ejemplo, los investigadores han calculado la velocidad que deber\u00eda alcanzar su trineo para entregar regalos a todos los ni\u00f1os del mundo en una noche: \u00a1tendr\u00eda que viajar a m\u00e1s de 10.000 veces la velocidad del sonido! Claro que esto es solo un juego cient\u00edfico y una broma, pero estos c\u00e1lculos demuestran cu\u00e1nto inspira Pap\u00e1 Noel a las mentes racionales.<\/p>\n\n\n\n<hr class=\"wp-block-separator has-alpha-channel-opacity\"\/>\n\n\n\n<h2 class=\"wp-block-heading\">\ud83e\udd14 \u00bfPor qu\u00e9 seguimos creyendo en Pap\u00e1 Noel?<\/h2>\n\n\n\n<p class=\"wp-block-paragraph\">Desde una perspectiva psicol\u00f3gica, creer en Pap\u00e1 Noel es una etapa importante en el desarrollo infantil. Entre los 3 y los 7 a\u00f1os, a los ni\u00f1os les encanta creer en la magia y los cuentos. Pap\u00e1 Noel alimenta su imaginaci\u00f3n, su capacidad de expectativa y su capacidad de so\u00f1ar. Incluso cuando se revela la verdad, el mito sigue siendo positivo porque deja una fuerte huella emocional.<\/p>\n\n\n\n<p class=\"wp-block-paragraph\">Para los adultos, Pap\u00e1 Noel ya no es una creencia, pero sigue siendo un s\u00edmbolo de nostalgia, tradici\u00f3n y conexi\u00f3n intergeneracional.<\/p>\n\n\n\n<hr class=\"wp-block-separator has-alpha-channel-opacity\"\/>\n\n\n\n<h2 class=\"wp-block-heading\">\ud83c\udf85 Bien plus qu\u2019un personnage, un miroir de nos soci\u00e9t\u00e9s<\/h2>\n\n\n\n<p class=\"wp-block-paragraph\">Pap\u00e1 Noel es a la vez un legado de antiguas tradiciones, una creaci\u00f3n cultural moderna y un s\u00edmbolo universal. Tras su traje rojo se esconden siglos de historia, fusi\u00f3n cultural y transformaci\u00f3n social.<\/p>\n\n\n\n<p class=\"wp-block-paragraph\">Sigue siendo un reflejo fascinante de nuestras sociedades: un reflejo de la necesidad de creer, compartir y cohesionar. Ya sea visto como una figura comercial o como un mensajero de generosidad, Pap\u00e1 Noel contin\u00faa, cada a\u00f1o, inspirando sue\u00f1os en j\u00f3venes y mayores.<\/p>\n\n\n<style>.kt-post-loop4486_bcf569-ac .kadence-post-image{padding-top:0px;padding-right:30px;padding-bottom:10px;padding-left:0px;}.kt-post-loop4486_bcf569-ac .kt-feat-image-align-left{grid-template-columns:40% auto;}.kt-post-loop4486_bcf569-ac .kt-post-grid-wrap{gap:30px 30px;}.kt-post-loop4486_bcf569-ac .kt-blocks-post-grid-item{border-top-left-radius:0px;border-top-right-radius:0px;border-bottom-right-radius:0px;border-bottom-left-radius:0px;overflow:hidden;}.kt-post-loop4486_bcf569-ac .kt-blocks-post-grid-item .kt-blocks-post-grid-item-inner{padding-top:0px;padding-right:0px;padding-bottom:0px;padding-left:0px;}.kt-post-loop4486_bcf569-ac .kt-blocks-post-grid-item header{padding-top:0px;padding-right:0px;padding-bottom:10px;padding-left:0px;margin-top:0px;margin-right:0px;margin-bottom:0px;margin-left:0px;}.kt-post-loop4486_bcf569-ac .kt-blocks-post-grid-item .kt-blocks-above-categories{font-size:13px;line-height:20px;text-transform:uppercase;}.kt-post-loop4486_bcf569-ac .kt-blocks-post-grid-item .entry-title{padding-top:5px;padding-right:0px;padding-bottom:0px;padding-left:0px;margin-top:0px;margin-right:0px;margin-bottom:0px;margin-left:0px;font-size:24px;line-height:30px;}.kt-post-loop4486_bcf569-ac .entry-content{padding-top:0px;padding-right:0px;padding-bottom:0px;padding-left:0px;margin-top:0px;margin-right:0px;margin-bottom:0px;margin-left:0px;font-size:14px;line-height:24px;}.kt-post-loop4486_bcf569-ac .kt-blocks-post-footer{border-top-width:0px;border-right-width:0px;border-bottom-width:0px;border-left-width:0px;padding-top:0px;padding-right:0px;padding-bottom:0px;padding-left:0px;margin-top:0px;margin-right:0px;margin-bottom:0px;margin-left:0px;font-size:12px;line-height:20px;text-transform:uppercase;}.kt-post-loop4486_bcf569-ac .entry-content:after{height:0px;}.kt-post-loop4486_bcf569-ac .kb-filter-item{border-top-width:0px;border-right-width:0px;border-bottom-width:2px;border-left-width:0px;padding-top:5px;padding-right:8px;padding-bottom:5px;padding-left:8px;margin-top:0px;margin-right:10px;margin-bottom:0px;margin-left:0px;}<\/style><div class=\"wp-block-kadence-postgrid kt-blocks-post-loop-block alignnone kt-post-loop4486_bcf569-ac kt-post-grid-layout-grid\"><div class=\"kt-post-grid-layout-grid-wrap kt-post-grid-wrap\" data-columns-xxl=\"2\" data-columns-xl=\"2\" data-columns-md=\"2\" data-columns-sm=\"2\" data-columns-xs=\"1\" data-columns-ss=\"1\"data-item-selector=\".kt-post-masonry-item\" aria-label=\"Post Carousel\"><article class=\"kt-blocks-post-grid-item post-3995 post type-post status-publish format-standard has-post-thumbnail hentry category-videos tag-christmas tag-histoire-2 tag-image tag-joyeux-noel tag-musique-2 tag-people tag-pere-noel tag-sexy tag-youtube\"><div class=\"kt-blocks-post-grid-item-inner-wrap kt-feat-image-align-left kt-feat-image-mobile-align-top\"><div class=\"kadence-post-image\"><div class=\"kadence-post-image-intrisic kt-image-ratio-133-33\" style=\"padding-bottom:133.33%;\"><div class=\"kadence-post-image-inner-intrisic\"><a href=\"https:\/\/www.blognoel.com\/es\/3995\/los-mejores-videos-navidenos-de-youtube-de-2014\/\" aria-label=\"Read More Top vid\u00e9o No\u00ebl Youtube\" class=\"kadence-post-image-inner-wrap\"><img decoding=\"async\" width=\"500\" height=\"371\" data-src=\"https:\/\/www.blognoel.com\/wp-content\/smush-webp\/2018\/12\/video-merry-christmas-500x371.jpg.webp\" class=\"attachment-large size-large wp-post-image lazyload\" alt=\"\" data-srcset=\"https:\/\/www.blognoel.com\/wp-content\/smush-webp\/2018\/12\/video-merry-christmas-500x371.jpg.webp 500w, https:\/\/www.blognoel.com\/wp-content\/smush-webp\/2018\/12\/video-merry-christmas-160x120.jpg.webp 160w, https:\/\/www.blognoel.com\/wp-content\/smush-webp\/2018\/12\/video-merry-christmas-300x223.jpg.webp 300w, https:\/\/www.blognoel.com\/wp-content\/smush-webp\/2018\/12\/video-merry-christmas-768x570.jpg.webp 768w, https:\/\/www.blognoel.com\/wp-content\/smush-webp\/2018\/12\/video-merry-christmas.jpg.webp 1280w\" data-sizes=\"(max-width: 500px) 100vw, 500px\" src=\"data:image\/svg+xml;base64,PHN2ZyB3aWR0aD0iMSIgaGVpZ2h0PSIxIiB4bWxucz0iaHR0cDovL3d3dy53My5vcmcvMjAwMC9zdmciPjwvc3ZnPg==\" style=\"--smush-placeholder-width: 500px; --smush-placeholder-aspect-ratio: 500\/371;\" data-smush-webp-fallback=\"{&quot;data-src&quot;:&quot;https:\\\/\\\/www.blognoel.com\\\/wp-content\\\/uploads\\\/2018\\\/12\\\/video-merry-christmas-500x371.jpg&quot;,&quot;data-srcset&quot;:&quot;https:\\\/\\\/www.blognoel.com\\\/wp-content\\\/uploads\\\/2018\\\/12\\\/video-merry-christmas-500x371.jpg 500w, https:\\\/\\\/www.blognoel.com\\\/wp-content\\\/uploads\\\/2018\\\/12\\\/video-merry-christmas-160x120.jpg 160w, https:\\\/\\\/www.blognoel.com\\\/wp-content\\\/uploads\\\/2018\\\/12\\\/video-merry-christmas-300x223.jpg 300w, https:\\\/\\\/www.blognoel.com\\\/wp-content\\\/uploads\\\/2018\\\/12\\\/video-merry-christmas-768x570.jpg 768w, https:\\\/\\\/www.blognoel.com\\\/wp-content\\\/uploads\\\/2018\\\/12\\\/video-merry-christmas.jpg 1280w&quot;}\" \/><\/a><\/div><\/div><\/div><div class=\"kt-blocks-post-grid-item-inner\"><header><h2 class=\"entry-title\"><a href=\"https:\/\/www.blognoel.com\/es\/3995\/los-mejores-videos-navidenos-de-youtube-de-2014\/\">Top vid\u00e9o No\u00ebl Youtube<\/a><\/h2><div class=\"kt-blocks-post-top-meta\"><div class=\"kt-blocks-date\"><span class=\"kt-blocks-date-pretext\">Publicado el <\/span><time datetime=\"2025-11-11T14:39:00+01:00\" class=\"kt-blocks-post-date\">11 noviembre 2025<\/time><\/div><\/div><\/header><div class=\"entry-content\">Los mejores videos de Navidad en YouTube: todos los mejores videos sobre Navidad, dibujos animados, humor, m\u00fasica y tradiciones.<\/div><footer class=\"kt-blocks-post-footer\"><div class=\"kt-blocks-post-footer-left\"><\/div><div class=\"kt-blocks-post-footer-right\"><\/div><\/footer><\/div><\/div><\/article><article class=\"kt-blocks-post-grid-item post-2697 post type-post status-publish format-standard has-post-thumbnail hentry category-images category-traditions tag-images-2 tag-pere-noel tag-sexy tag-tradition\"><div class=\"kt-blocks-post-grid-item-inner-wrap kt-feat-image-align-left kt-feat-image-mobile-align-top\"><div class=\"kadence-post-image\"><div class=\"kadence-post-image-intrisic kt-image-ratio-133-33\" style=\"padding-bottom:133.33%;\"><div class=\"kadence-post-image-inner-intrisic\"><a href=\"https:\/\/www.blognoel.com\/es\/2697\/papa-noel-en-imagenes\/\" aria-label=\"Read More M\u00e8re-No\u00ebl 2014 en images\" class=\"kadence-post-image-inner-wrap\"><img decoding=\"async\" width=\"500\" height=\"375\" data-src=\"https:\/\/www.blognoel.com\/wp-content\/smush-webp\/2014\/12\/fond-d\u00e9cran-m\u00e8re-no\u00ebl-en-gros-plan-500x375.jpg.webp\" class=\"attachment-large size-large wp-post-image lazyload\" alt=\"\" data-srcset=\"https:\/\/www.blognoel.com\/wp-content\/smush-webp\/2014\/12\/fond-d\u00e9cran-m\u00e8re-no\u00ebl-en-gros-plan-500x375.jpg.webp 500w, https:\/\/www.blognoel.com\/wp-content\/smush-webp\/2014\/12\/fond-d\u00e9cran-m\u00e8re-no\u00ebl-en-gros-plan-160x120.jpg.webp 160w, https:\/\/www.blognoel.com\/wp-content\/smush-webp\/2014\/12\/fond-d\u00e9cran-m\u00e8re-no\u00ebl-en-gros-plan-300x225.jpg.webp 300w, https:\/\/www.blognoel.com\/wp-content\/smush-webp\/2014\/12\/fond-d\u00e9cran-m\u00e8re-no\u00ebl-en-gros-plan.jpg.webp 1920w\" data-sizes=\"(max-width: 500px) 100vw, 500px\" src=\"data:image\/svg+xml;base64,PHN2ZyB3aWR0aD0iMSIgaGVpZ2h0PSIxIiB4bWxucz0iaHR0cDovL3d3dy53My5vcmcvMjAwMC9zdmciPjwvc3ZnPg==\" style=\"--smush-placeholder-width: 500px; --smush-placeholder-aspect-ratio: 500\/375;\" data-smush-webp-fallback=\"{&quot;data-src&quot;:&quot;https:\\\/\\\/www.blognoel.com\\\/wp-content\\\/uploads\\\/2014\\\/12\\\/fond-d\\u00e9cran-m\\u00e8re-no\\u00ebl-en-gros-plan-500x375.jpg&quot;,&quot;data-srcset&quot;:&quot;https:\\\/\\\/www.blognoel.com\\\/wp-content\\\/uploads\\\/2014\\\/12\\\/fond-d\\u00e9cran-m\\u00e8re-no\\u00ebl-en-gros-plan-500x375.jpg 500w, https:\\\/\\\/www.blognoel.com\\\/wp-content\\\/uploads\\\/2014\\\/12\\\/fond-d\\u00e9cran-m\\u00e8re-no\\u00ebl-en-gros-plan-160x120.jpg 160w, https:\\\/\\\/www.blognoel.com\\\/wp-content\\\/uploads\\\/2014\\\/12\\\/fond-d\\u00e9cran-m\\u00e8re-no\\u00ebl-en-gros-plan-300x225.jpg 300w, https:\\\/\\\/www.blognoel.com\\\/wp-content\\\/uploads\\\/2014\\\/12\\\/fond-d\\u00e9cran-m\\u00e8re-no\\u00ebl-en-gros-plan.jpg 1920w&quot;}\" \/><\/a><\/div><\/div><\/div><div class=\"kt-blocks-post-grid-item-inner\"><header><h2 class=\"entry-title\"><a href=\"https:\/\/www.blognoel.com\/es\/2697\/papa-noel-en-imagenes\/\">Madre Navidad 2014 en im\u00e1genes<\/a><\/h2><div class=\"kt-blocks-post-top-meta\"><div class=\"kt-blocks-date\"><span class=\"kt-blocks-date-pretext\">Publicado el <\/span><time datetime=\"2014-12-06T09:48:21+01:00\" class=\"kt-blocks-post-date\">6 de diciembre de 2014<\/time><\/div><\/div><\/header><div class=\"entry-content\">Madre Navidad 2014 Galer\u00eda de fotos de hermosas Se\u00f1oras Navidades en rojo y blanco.<\/div><footer class=\"kt-blocks-post-footer\"><div class=\"kt-blocks-post-footer-left\"><\/div><div class=\"kt-blocks-post-footer-right\"><\/div><\/footer><\/div><\/div><\/article><article class=\"kt-blocks-post-grid-item post-886 post type-post status-publish format-standard hentry category-anecdote category-fete-de-noel tag-anecdote-2 tag-enfants tag-famille tag-noel tag-pere-noel\"><div class=\"kt-blocks-post-grid-item-inner-wrap kt-feat-image-align-none kt-feat-image-mobile-align-top\"><div class=\"kt-blocks-post-grid-item-inner\"><header><h2 class=\"entry-title\"><a href=\"https:\/\/www.blognoel.com\/es\/886\/carta-a-papa-noel\/\">Carta a Pap\u00e1 Noel<\/a><\/h2><div class=\"kt-blocks-post-top-meta\"><div class=\"kt-blocks-date\"><span class=\"kt-blocks-date-pretext\">Publicado el <\/span><time datetime=\"2014-11-28T11:09:03+01:00\" class=\"kt-blocks-post-date\">28 de noviembre de 2014<\/time><\/div><\/div><\/header><div class=\"entry-content\">Querido Pap\u00e1 Noel, aunque hoy tengo la misma edad que t\u00fa, recuerdo cu\u00e1nto so\u00f1aba contigo cada a\u00f1o. Aunque a menudo hac\u00eda la cuenta regresiva...<\/div><footer class=\"kt-blocks-post-footer\"><div class=\"kt-blocks-post-footer-left\"><\/div><div class=\"kt-blocks-post-footer-right\"><\/div><\/footer><\/div><\/div><\/article><article class=\"kt-blocks-post-grid-item post-1097 post type-post status-publish format-standard hentry category-fete-de-noel category-histoire tag-art tag-france tag-histoire-2 tag-noel tag-paysage tag-pere-noel tag-reveillon tag-site\"><div class=\"kt-blocks-post-grid-item-inner-wrap kt-feat-image-align-none kt-feat-image-mobile-align-top\"><div class=\"kt-blocks-post-grid-item-inner\"><header><h2 class=\"entry-title\"><a href=\"https:\/\/www.blognoel.com\/es\/1097\/una-navidad-marginal-con-etnicidad\/\">Una Navidad marginal en Ethni&#039;Cit\u00e9<\/a><\/h2><div class=\"kt-blocks-post-top-meta\"><div class=\"kt-blocks-date\"><span class=\"kt-blocks-date-pretext\">Publicado el <\/span><time datetime=\"2014-11-25T23:09:55+01:00\" class=\"kt-blocks-post-date\">25 de noviembre de 2014<\/time><\/div><\/div><\/header><div class=\"entry-content\">Cerca de La Roche Posay y Ch\u00e2tellerault, Francia, Ethni&#039;Cit\u00e9, el pueblo troglodita de St-R\u00e9my-sur-Creuse, abre sus puertas para celebrar el fin de a\u00f1o por todo lo alto. Cuenta la leyenda que\u2026<\/div><footer class=\"kt-blocks-post-footer\"><div class=\"kt-blocks-post-footer-left\"><\/div><div class=\"kt-blocks-post-footer-right\"><\/div><\/footer><\/div><\/div><\/article><article class=\"kt-blocks-post-grid-item post-1410 post type-post status-publish format-standard hentry category-a-la-une category-top category-boutiques category-commerce-2 category-fete-de-noel tag-commerce tag-magasin tag-pere-noel tag-publicite tag-vitrine\"><div class=\"kt-blocks-post-grid-item-inner-wrap kt-feat-image-align-none kt-feat-image-mobile-align-top\"><div class=\"kt-blocks-post-grid-item-inner\"><header><h2 class=\"entry-title\"><a href=\"https:\/\/www.blognoel.com\/es\/1410\/paris-una-navidad-de-rock-and-roll-en-las-galerias-lafayette\/\">Par\u00eds: Iggy Pop como Pap\u00e1 Noel en las Galer\u00edas Lafayette<\/a><\/h2><div class=\"kt-blocks-post-top-meta\"><div class=\"kt-blocks-date\"><span class=\"kt-blocks-date-pretext\">Publicado el <\/span><time datetime=\"2014-11-24T11:08:51+01:00\" class=\"kt-blocks-post-date\">24 de noviembre de 2014<\/time><\/div><\/div><\/header><div class=\"entry-content\">La reconocida tienda del Boulevard Haussmann de Par\u00eds acaba de lanzar una campa\u00f1a publicitaria muy original. A partir del 8 de noviembre, los escaparates animados de la tienda, con mil...<\/div><footer class=\"kt-blocks-post-footer\"><div class=\"kt-blocks-post-footer-left\"><\/div><div class=\"kt-blocks-post-footer-right\"><\/div><\/footer><\/div><\/div><\/article><article class=\"kt-blocks-post-grid-item post-2224 post type-post status-publish format-standard hentry category-a-la-une category-top category-musique category-videos tag-auteur tag-chant-de-noel tag-paroles tag-pere-noel tag-video tag-youtube\"><div class=\"kt-blocks-post-grid-item-inner-wrap kt-feat-image-align-none kt-feat-image-mobile-align-top\"><div class=\"kt-blocks-post-grid-item-inner\"><header><h2 class=\"entry-title\"><a href=\"https:\/\/www.blognoel.com\/es\/2224\/musica-navidena-en-la-azotea\/\">M\u00fasica navide\u00f1a: En la azotea<\/a><\/h2><div class=\"kt-blocks-post-top-meta\"><div class=\"kt-blocks-date\"><span class=\"kt-blocks-date-pretext\">Publicado el <\/span><time datetime=\"2014-11-22T23:08:39+01:00\" class=\"kt-blocks-post-date\">22 de noviembre de 2014<\/time><\/div><\/div><\/header><div class=\"entry-content\">Benjamin Hanby, hijo de un pastor de Ohio, afirma ser el compositor de este villancico, Up on the Housetop, que fue escrito en 1864. Aunque no vivi\u00f3\u2026<\/div><footer class=\"kt-blocks-post-footer\"><div class=\"kt-blocks-post-footer-left\"><\/div><div class=\"kt-blocks-post-footer-right\"><\/div><\/footer><\/div><\/div><\/article><\/div><div class=\"kt-blocks-page-nav\">\n\t<nav class=\"navigation pagination\" aria-label=\"Paginaci\u00f3n de entradas\">\n\t\t<h2 class=\"screen-reader-text\">Paginaci\u00f3n de entradas<\/h2>\n\t\t<div class=\"nav-links\"><span aria-current=\"page\" class=\"page-numbers current\">1<\/span>\n<a class=\"page-numbers\" href=\"https:\/\/www.blognoel.com\/wp-json\/wp\/v2\/pages\/4486\/page\/2\/\">2<\/a>\n<a class=\"page-numbers\" href=\"https:\/\/www.blognoel.com\/wp-json\/wp\/v2\/pages\/4486\/page\/3\/\">3<\/a>\n<a class=\"page-numbers\" href=\"https:\/\/www.blognoel.com\/wp-json\/wp\/v2\/pages\/4486\/page\/4\/\">4<\/a>\n<span class=\"page-numbers dots\">&hellip;<\/span>\n<a class=\"page-numbers\" href=\"https:\/\/www.blognoel.com\/wp-json\/wp\/v2\/pages\/4486\/page\/9\/\">9<\/a>\n<a class=\"next page-numbers\" href=\"https:\/\/www.blognoel.com\/wp-json\/wp\/v2\/pages\/4486\/page\/2\/\"><span class=\"screen-reader-text\">Next Page<\/span><svg style=\"display:inline-block;vertical-align:middle\" aria-hidden=\"true\" class=\"kt-blocks-pagination-right-svg\" viewbox=\"0 0 320 512\" height=\"14\" width=\"8\" fill=\"currentColor\" xmlns=\"http:\/\/www.w3.org\/2000\/svg\"><path d=\"M285.476 272.971L91.132 467.314c-9.373 9.373-24.569 9.373-33.941 0l-22.667-22.667c-9.357-9.357-9.375-24.522-.04-33.901L188.505 256 34.484 101.255c-9.335-9.379-9.317-24.544.04-33.901l22.667-22.667c9.373-9.373 24.569-9.373 33.941 0L285.475 239.03c9.373 9.372 9.373 24.568.001 33.941z\"><\/path><\/svg><\/a><\/div>\n\t<\/nav><\/div><\/div><!-- .wp-block-kadence-postgrid -->\n\n\n<p class=\"wp-block-paragraph\"><\/p>","protected":false},"excerpt":{"rendered":"<p>\ud83c\udf85 P\u00e8re No\u00ebl : histoire, traditions et regards anthropologiques sur une l\u00e9gende universelle Le P\u00e8re No\u00ebl est sans doute l\u2019un des personnages les plus connus et les plus aim\u00e9s au monde. Chaque fin d\u2019ann\u00e9e, il envahit les vitrines, les films, les cartes postales et surtout l\u2019imaginaire des enfants. Mais qui est vraiment ce vieil homme&#8230;<\/p>","protected":false},"author":18,"featured_media":4490,"parent":4602,"menu_order":0,"comment_status":"closed","ping_status":"closed","template":"","meta":{"_kad_blocks_custom_css":"","_kad_blocks_head_custom_js":"","_kad_blocks_body_custom_js":"","_kad_blocks_footer_custom_js":"","_kadence_starter_templates_imported_post":false,"_kad_post_transparent":"","_kad_post_title":"","_kad_post_layout":"","_kad_post_sidebar_id":"","_kad_post_content_style":"","_kad_post_vertical_padding":"","_kad_post_feature":"","_kad_post_feature_position":"","_kad_post_header":false,"_kad_post_footer":false,"_kad_post_classname":"","footnotes":""},"class_list":["post-4486","page","type-page","status-publish","has-post-thumbnail","hentry"],"taxonomy_info":[],"featured_image_src_large":["https:\/\/www.blognoel.com\/wp-content\/uploads\/2025\/09\/Le-Pere-Noel-au-chaud-devant-le-feu-800x1200.png",800,1200,true],"author_info":{"display_name":"Jean","author_link":"https:\/\/www.blognoel.com\/es\/author\/bcbg12\/"},"comment_info":0,"jetpack_sharing_enabled":true,"_links":{"self":[{"href":"https:\/\/www.blognoel.com\/es\/wp-json\/wp\/v2\/pages\/4486","targetHints":{"allow":["GET"]}}],"collection":[{"href":"https:\/\/www.blognoel.com\/es\/wp-json\/wp\/v2\/pages"}],"about":[{"href":"https:\/\/www.blognoel.com\/es\/wp-json\/wp\/v2\/types\/page"}],"author":[{"embeddable":true,"href":"https:\/\/www.blognoel.com\/es\/wp-json\/wp\/v2\/users\/18"}],"replies":[{"embeddable":true,"href":"https:\/\/www.blognoel.com\/es\/wp-json\/wp\/v2\/comments?post=4486"}],"version-history":[{"count":3,"href":"https:\/\/www.blognoel.com\/es\/wp-json\/wp\/v2\/pages\/4486\/revisions"}],"predecessor-version":[{"id":4954,"href":"https:\/\/www.blognoel.com\/es\/wp-json\/wp\/v2\/pages\/4486\/revisions\/4954"}],"up":[{"embeddable":true,"href":"https:\/\/www.blognoel.com\/es\/wp-json\/wp\/v2\/pages\/4602"}],"wp:featuredmedia":[{"embeddable":true,"href":"https:\/\/www.blognoel.com\/es\/wp-json\/wp\/v2\/media\/4490"}],"wp:attachment":[{"href":"https:\/\/www.blognoel.com\/es\/wp-json\/wp\/v2\/media?parent=4486"}],"curies":[{"name":"wp","href":"https:\/\/api.w.org\/{rel}","templated":true}]}}