{"id":4486,"date":"2025-09-18T14:31:36","date_gmt":"2025-09-18T14:31:36","guid":{"rendered":"https:\/\/www.blognoel.com\/?page_id=4486"},"modified":"2025-10-24T16:51:45","modified_gmt":"2025-10-24T14:51:45","slug":"weihnachtsmann","status":"publish","type":"page","link":"https:\/\/www.blognoel.com\/de\/charaktere\/weihnachtsmann\/","title":{"rendered":"Weihnachtsmann"},"content":{"rendered":"<h1 class=\"wp-block-heading\">\ud83c\udf85 Weihnachtsmann: Geschichte, Traditionen und anthropologische Perspektiven einer universellen Legende<\/h1>\n\n\n\n<p class=\"wp-block-paragraph\">Le P\u00e8re <a href=\"https:\/\/www.blognoel.com\/de\/\">Weihnachten<\/a> est sans doute l\u2019un des personnages les plus connus et les plus aim\u00e9s au monde. Chaque fin d\u2019ann\u00e9e, il envahit les vitrines, les films, les cartes postales et surtout l\u2019imaginaire des enfants. Mais qui est vraiment ce vieil homme barbu v\u00eatu de rouge ? D\u2019o\u00f9 vient-il ? Comment a-t-il \u00e9volu\u00e9 au fil des si\u00e8cles pour devenir cette figure universelle du don et de la magie de No\u00ebl ? Derri\u00e8re son image joviale se cache une histoire fascinante, faite de traditions anciennes, de transformations culturelles et m\u00eame d\u2019interpr\u00e9tations anthropologiques.<\/p>\n\n\n\n<figure class=\"wp-block-image size-large\"><img decoding=\"async\" width=\"1200\" height=\"800\" data-src=\"http:\/\/www.blognoel.com\/wp-content\/smush-webp\/2025\/09\/Pere-Noel-au-coucher-du-soleil-1200x800.png.webp\" alt=\"Der Weihnachtsmann und seine Geschenke\" class=\"wp-image-4491 lazyload\" data-srcset=\"https:\/\/www.blognoel.com\/wp-content\/smush-webp\/2025\/09\/Pere-Noel-au-coucher-du-soleil-1200x800.png.webp 1200w, https:\/\/www.blognoel.com\/wp-content\/smush-webp\/2025\/09\/Pere-Noel-au-coucher-du-soleil-400x267.png.webp 400w, https:\/\/www.blognoel.com\/wp-content\/smush-webp\/2025\/09\/Pere-Noel-au-coucher-du-soleil-768x512.png.webp 768w, https:\/\/www.blognoel.com\/wp-content\/smush-webp\/2025\/09\/Pere-Noel-au-coucher-du-soleil-18x12.png.webp 18w, https:\/\/www.blognoel.com\/wp-content\/smush-webp\/2025\/09\/Pere-Noel-au-coucher-du-soleil.png.webp 1536w\" data-sizes=\"(max-width: 1200px) 100vw, 1200px\" src=\"data:image\/svg+xml;base64,PHN2ZyB3aWR0aD0iMSIgaGVpZ2h0PSIxIiB4bWxucz0iaHR0cDovL3d3dy53My5vcmcvMjAwMC9zdmciPjwvc3ZnPg==\" style=\"--smush-placeholder-width: 1200px; --smush-placeholder-aspect-ratio: 1200\/800;\" data-smush-webp-fallback=\"{&quot;data-src&quot;:&quot;http:\\\/\\\/www.blognoel.com\\\/wp-content\\\/uploads\\\/2025\\\/09\\\/Pere-Noel-au-coucher-du-soleil-1200x800.png&quot;,&quot;data-srcset&quot;:&quot;https:\\\/\\\/www.blognoel.com\\\/wp-content\\\/uploads\\\/2025\\\/09\\\/Pere-Noel-au-coucher-du-soleil-1200x800.png 1200w, https:\\\/\\\/www.blognoel.com\\\/wp-content\\\/uploads\\\/2025\\\/09\\\/Pere-Noel-au-coucher-du-soleil-400x267.png 400w, https:\\\/\\\/www.blognoel.com\\\/wp-content\\\/uploads\\\/2025\\\/09\\\/Pere-Noel-au-coucher-du-soleil-768x512.png 768w, https:\\\/\\\/www.blognoel.com\\\/wp-content\\\/uploads\\\/2025\\\/09\\\/Pere-Noel-au-coucher-du-soleil-18x12.png 18w, https:\\\/\\\/www.blognoel.com\\\/wp-content\\\/uploads\\\/2025\\\/09\\\/Pere-Noel-au-coucher-du-soleil.png 1536w&quot;}\" \/><\/figure>\n\n\n\n<hr class=\"wp-block-separator has-alpha-channel-opacity\"\/>\n\n\n\n<h2 class=\"wp-block-heading\">\ud83c\udf84 Die Urspr\u00fcnge: vom Heiligen Nikolaus zum Weihnachtsmann<\/h2>\n\n\n\n<p class=\"wp-block-paragraph\">Die Geschichte des Weihnachtsmanns hat ihre Wurzeln in der Figur des <strong><a href=\"https:\/\/www.blognoel.com\/de\/charaktere\/sankt-nikolaus\/\">Sankt Nikolaus<\/a><\/strong>, Bischof von Myra (in der heutigen T\u00fcrkei) im 4. Jahrhundert. Bekannt f\u00fcr seine Gro\u00dfz\u00fcgigkeit und seinen Schutz der Kinder, wurde er schnell zu einem sehr beliebten Heiligen in Europa. Der Legende nach half er den Armen, indem er Goldm\u00fcnzen oder Geschenke in die Schuhe steckte, die vor der T\u00fcr standen.<\/p>\n\n\n\n<p class=\"wp-block-paragraph\">In Europa, insbesondere in Deutschland, den Niederlanden, Belgien und Ostfrankreich, <strong>das Fest des Heiligen Nikolaus<\/strong>, gefeiert am 6. Dezember, ist sehr lebendig geblieben. Es verewigt die Idee eines b\u00e4rtigen alten Mannes, der Geschenke an brave Kinder verteilt. Doch neben ihm erscheint auch eine dunklere Figur: der <strong>Weihnachtsmann<\/strong>, verantwortlich f\u00fcr die Bestrafung ungehorsamer Kinder.<\/p>\n\n\n\n<p class=\"wp-block-paragraph\">Als niederl\u00e4ndische Siedler im 17. Jahrhundert nach Amerika kamen, brachten sie die Tradition mit, <em>Nikolaus<\/em>Letzteres wird allm\u00e4hlich <strong>Weihnachtsmann<\/strong>, direkter Vorfahre unseres Weihnachtsmanns.<\/p>\n\n\n\n<p class=\"wp-block-paragraph\">Infos zum Weihnachtsmann: <a href=\"https:\/\/www.noel-vert.com\/lunivers-de-noel\/histoire-pere-noel\" target=\"_blank\" rel=\"noreferrer noopener\">https:\/\/www.noel-vert.com\/lunivers-de-noel\/histoire-pere-noel<\/a><\/p>\n\n\n\n<hr class=\"wp-block-separator has-alpha-channel-opacity\"\/>\n\n\n\n<h2 class=\"wp-block-heading\">\ud83c\udf81 Die amerikanische Evolution: Vom Weihnachtsmann zum Weltstar<\/h2>\n\n\n\n<p class=\"wp-block-paragraph\">Der eigentliche Wendepunkt in der Geschichte des Weihnachtsmanns fand in den Vereinigten Staaten statt. Im Jahr 1823 das Gedicht <strong>\u201eEin Besuch vom Heiligen Nikolaus\u201c<\/strong>, besser bekannt unter dem Titel <em>Die Nacht vor Weihnachten<\/em>beschreibt zun\u00e4chst einen fr\u00f6hlichen alten Mann, der in einem von Rentieren gezogenen Schlitten reist.<\/p>\n\n\n\n<p class=\"wp-block-paragraph\">Einige Jahrzehnte sp\u00e4ter <strong>Thomas Nast<\/strong> Sein Bild wird in amerikanischen Zeitungen popul\u00e4r: ein rundlicher alter Mann mit wei\u00dfem Bart und roter, pelzbesetzter Kleidung. Der Weihnachtsmann ist geboren.<\/p>\n\n\n\n<p class=\"wp-block-paragraph\">Im 20. Jahrhundert pr\u00e4gte ein Unternehmen sein Erscheinungsbild endg\u00fcltig in der kollektiven Vorstellung: <strong>Coca-Cola<\/strong>In den 1930er Jahren beauftragte die Marke den Cartoonisten Haddon Sundblom mit der Gestaltung von Werbeplakaten mit dem Weihnachtsmann. Die in leuchtendes Rot gekleidete, l\u00e4chelnde und gutm\u00fctige Figur bereiste dank der Marketingkraft der Marke die Welt. Seitdem dominiert dieses Bild \u00fcberall.<\/p>\n\n\n\n<hr class=\"wp-block-separator has-alpha-channel-opacity\"\/>\n\n\n\n<h2 class=\"wp-block-heading\">\ud83c\udf0d Ein universeller Charakter mit tausend Gesichtern<\/h2>\n\n\n\n<p class=\"wp-block-paragraph\">W\u00e4hrend der Weihnachtsmann, wie wir ihn kennen, weitgehend vom amerikanischen Vorbild inspiriert ist, haben viele Kulturen ihre eigenen Traditionen beibehalten oder angepasst.<\/p>\n\n\n\n<ul class=\"wp-block-list\">\n<li>In <strong>Spanien<\/strong> und in <strong>Lateinamerika<\/strong>erhalten Kinder ihre Geschenke oft von <strong>Heilige Drei K\u00f6nige<\/strong> 6. Januar.<\/li>\n\n\n\n<li>In <strong>Italien<\/strong>, Dort <strong>Befana<\/strong>, eine freundliche alte Frau, verteilt in der Nacht des Dreik\u00f6nigstags Geschenke.<\/li>\n\n\n\n<li>In <strong>Russland<\/strong>, Es ist <strong>Vater Moros<\/strong> (V\u00e4terchen Frost), begleitet von seiner Enkelin Snegurotschka, die kommt, um Geschenke zum neuen Jahr zu \u00fcberbringen.<\/li>\n\n\n\n<li>In den nordischen L\u00e4ndern finden wir \u00e4hnliche Zahlen, wie zum Beispiel die <strong>Julenisse<\/strong> in Norwegen.<\/li>\n<\/ul>\n\n\n\n<p class=\"wp-block-paragraph\">Der Weihnachtsmann kann also als ein <strong>universelle Figur des Geschenks<\/strong>, deren Aussehen und Name jedoch je nach Kultur variieren.<\/p>\n\n\n\n<hr class=\"wp-block-separator has-alpha-channel-opacity\"\/>\n\n\n\n<h2 class=\"wp-block-heading\">\ud83d\udd0e Der Weihnachtsmann aus der Sicht von Anthropologen<\/h2>\n\n\n\n<p class=\"wp-block-paragraph\">Aus anthropologischer Sicht ist der Weihnachtsmann nicht nur eine einfache festliche Figur: Er verk\u00f6rpert eine <strong>Ritualisierung des Gebens und der Gro\u00dfz\u00fcgigkeit<\/strong>Inspiriert von religi\u00f6sen Traditionen, aber auch von heidnischen Br\u00e4uchen rund um die Wintersonnenwende, ist es Teil des Festzyklus, der das Jahresende markiert.<\/p>\n\n\n\n<p class=\"wp-block-paragraph\">Der Anthropologe Claude L\u00e9vi-Strauss erforschte den Weihnachtsmann in seinem Artikel \u201eDer gequ\u00e4lte Weihnachtsmann\u201c (1952). Er analysierte die Figur als rituelle Figur: unsterblich, gro\u00dfz\u00fcgig und Tr\u00e4ger sozialer Werte. Ihm zufolge ist der Weihnachtsmann eine Art moderne Gottheit, die von Kindern und Erwachsenen gleicherma\u00dfen akzeptiert wird, weil er soziale Ordnung, Familie und Teilen symbolisiert.<\/p>\n\n\n\n<p class=\"wp-block-paragraph\">Andere Forscher weisen auf eine Verbindung mit alten nordischen Traditionen hin: Der Gott Odin, der auf einem fliegenden Pferd ritt und zur Sonnenwende Geschenke verteilte, k\u00f6nnte einige Aspekte des modernen Weihnachtsmanns inspiriert haben.<\/p>\n\n\n\n<hr class=\"wp-block-separator has-alpha-channel-opacity\"\/>\n\n\n\n<h2 class=\"wp-block-heading\">\ud83d\udcd6 Erstaunliche Anekdoten \u00fcber den Weihnachtsmann<\/h2>\n\n\n\n<ol class=\"wp-block-list\">\n<li><strong>Post vom Weihnachtsmann<\/strong> Jedes Jahr werden Millionen von Briefen an den Weihnachtsmann geschickt. In Frankreich betreibt La Poste seit 1962 einen speziellen Service mit Sekret\u00e4rinnen, die die Briefe der Kinder beantworten.<\/li>\n\n\n\n<li><strong>Das ber\u00fchmte Rentier<\/strong> : Die Liste der acht Rentiere (Komet, Amor, Donner, Blitz, Renner, T\u00e4nzer, Furie und Tornado) stammt aus dem Gedicht von 1823. Rudolph, das rotnasige Rentier, wurde 1939 im Rahmen einer Werbekampagne hinzugef\u00fcgt.<\/li>\n\n\n\n<li><strong>Weihnachtsmanndorf<\/strong> : In Finnland, in Rovaniemi (Lappland), gibt es ein ganzes Touristendorf, das dem Weihnachtsmann gewidmet ist, wo Sie den alten Mann und seine Rentiere \u201etreffen\u201c k\u00f6nnen.<\/li>\n\n\n\n<li><strong>Ein manchmal umstrittener Charakter<\/strong> Im Laufe der Jahrhunderte haben einige religi\u00f6se Stimmen den \u00fcberm\u00e4\u00dfig kommerziellen Aspekt des Weihnachtsmanns angeprangert und ihm vorgeworfen, den Geist von Weihnachten von seiner christlichen Bedeutung abzulenken.<\/li>\n<\/ol>\n\n\n\n<hr class=\"wp-block-separator has-alpha-channel-opacity\"\/>\n\n\n\n<h2 class=\"wp-block-heading\">\ud83e\uddea Der Weihnachtsmann durch die Wissenschaft<\/h2>\n\n\n\n<p class=\"wp-block-paragraph\">Auch die Wissenschaft hat sich mit dem Mythos des Weihnachtsmanns besch\u00e4ftigt. Forscher haben beispielsweise berechnet, wie schnell sein Schlitten sein m\u00fcsste, um in einer Nacht allen Kindern der Welt Geschenke zu bringen: Er m\u00fcsste mit mehr als 10.000-facher Schallgeschwindigkeit unterwegs sein! Nat\u00fcrlich handelt es sich dabei nur um ein wissenschaftliches Spiel und einen Scherz, aber diese Berechnungen zeigen, wie sehr der Weihnachtsmann auch rationale Geister inspiriert.<\/p>\n\n\n\n<hr class=\"wp-block-separator has-alpha-channel-opacity\"\/>\n\n\n\n<h2 class=\"wp-block-heading\">\ud83e\udd14 Warum glauben wir immer noch an den Weihnachtsmann?<\/h2>\n\n\n\n<p class=\"wp-block-paragraph\">Aus psychologischer Sicht ist der Glaube an den Weihnachtsmann eine wichtige Phase in der Entwicklung eines Kindes. Im Alter zwischen 3 und 7 Jahren lieben Kinder den Glauben an Magie und Geschichten. Der Weihnachtsmann befl\u00fcgelt ihre Fantasie, ihre Erwartungshaltung und ihre F\u00e4higkeit zu tr\u00e4umen. Selbst wenn die Wahrheit ans Licht kommt, bleibt der Mythos positiv, da er einen starken emotionalen Eindruck hinterl\u00e4sst.<\/p>\n\n\n\n<p class=\"wp-block-paragraph\">F\u00fcr Erwachsene ist der Weihnachtsmann kein Glaube mehr, aber er bleibt ein Symbol f\u00fcr Nostalgie, Tradition und Verbundenheit zwischen den Generationen.<\/p>\n\n\n\n<hr class=\"wp-block-separator has-alpha-channel-opacity\"\/>\n\n\n\n<h2 class=\"wp-block-heading\">\ud83c\udf85 Bien plus qu\u2019un personnage, un miroir de nos soci\u00e9t\u00e9s<\/h2>\n\n\n\n<p class=\"wp-block-paragraph\">Der Weihnachtsmann ist ein Erbe alter Traditionen, eine moderne kulturelle Sch\u00f6pfung und ein universelles Symbol zugleich. Hinter seinem roten Anzug verbergen sich Jahrhunderte der Geschichte, kultureller Verschmelzung und gesellschaftlicher Transformation.<\/p>\n\n\n\n<p class=\"wp-block-paragraph\">Er ist und bleibt ein faszinierender Spiegel unserer Gesellschaft: ein Spiegelbild des Bed\u00fcrfnisses nach Glauben, Teilen und Zusammenhalt. Ob als kommerzielle Figur oder als Bote der Gro\u00dfz\u00fcgigkeit \u2013 der Weihnachtsmann inspiriert jedes Jahr Jung und Alt zu Tr\u00e4umen.<\/p>\n\n\n<style>.kt-post-loop4486_bcf569-ac .kadence-post-image{padding-top:0px;padding-right:30px;padding-bottom:10px;padding-left:0px;}.kt-post-loop4486_bcf569-ac .kt-feat-image-align-left{grid-template-columns:40% auto;}.kt-post-loop4486_bcf569-ac .kt-post-grid-wrap{gap:30px 30px;}.kt-post-loop4486_bcf569-ac .kt-blocks-post-grid-item{border-top-left-radius:0px;border-top-right-radius:0px;border-bottom-right-radius:0px;border-bottom-left-radius:0px;overflow:hidden;}.kt-post-loop4486_bcf569-ac .kt-blocks-post-grid-item .kt-blocks-post-grid-item-inner{padding-top:0px;padding-right:0px;padding-bottom:0px;padding-left:0px;}.kt-post-loop4486_bcf569-ac .kt-blocks-post-grid-item header{padding-top:0px;padding-right:0px;padding-bottom:10px;padding-left:0px;margin-top:0px;margin-right:0px;margin-bottom:0px;margin-left:0px;}.kt-post-loop4486_bcf569-ac .kt-blocks-post-grid-item .kt-blocks-above-categories{font-size:13px;line-height:20px;text-transform:uppercase;}.kt-post-loop4486_bcf569-ac .kt-blocks-post-grid-item .entry-title{padding-top:5px;padding-right:0px;padding-bottom:0px;padding-left:0px;margin-top:0px;margin-right:0px;margin-bottom:0px;margin-left:0px;font-size:24px;line-height:30px;}.kt-post-loop4486_bcf569-ac .entry-content{padding-top:0px;padding-right:0px;padding-bottom:0px;padding-left:0px;margin-top:0px;margin-right:0px;margin-bottom:0px;margin-left:0px;font-size:14px;line-height:24px;}.kt-post-loop4486_bcf569-ac .kt-blocks-post-footer{border-top-width:0px;border-right-width:0px;border-bottom-width:0px;border-left-width:0px;padding-top:0px;padding-right:0px;padding-bottom:0px;padding-left:0px;margin-top:0px;margin-right:0px;margin-bottom:0px;margin-left:0px;font-size:12px;line-height:20px;text-transform:uppercase;}.kt-post-loop4486_bcf569-ac .entry-content:after{height:0px;}.kt-post-loop4486_bcf569-ac .kb-filter-item{border-top-width:0px;border-right-width:0px;border-bottom-width:2px;border-left-width:0px;padding-top:5px;padding-right:8px;padding-bottom:5px;padding-left:8px;margin-top:0px;margin-right:10px;margin-bottom:0px;margin-left:0px;}<\/style><div class=\"wp-block-kadence-postgrid kt-blocks-post-loop-block alignnone kt-post-loop4486_bcf569-ac kt-post-grid-layout-grid\"><div class=\"kt-post-grid-layout-grid-wrap kt-post-grid-wrap\" data-columns-xxl=\"2\" data-columns-xl=\"2\" data-columns-md=\"2\" data-columns-sm=\"2\" data-columns-xs=\"1\" data-columns-ss=\"1\"data-item-selector=\".kt-post-masonry-item\" aria-label=\"Post Carousel\"><article class=\"kt-blocks-post-grid-item post-3995 post type-post status-publish format-standard has-post-thumbnail hentry category-videos tag-christmas tag-histoire-2 tag-image tag-joyeux-noel tag-musique-2 tag-people tag-pere-noel tag-sexy tag-youtube\"><div class=\"kt-blocks-post-grid-item-inner-wrap kt-feat-image-align-left kt-feat-image-mobile-align-top\"><div class=\"kadence-post-image\"><div class=\"kadence-post-image-intrisic kt-image-ratio-133-33\" style=\"padding-bottom:133.33%;\"><div class=\"kadence-post-image-inner-intrisic\"><a href=\"https:\/\/www.blognoel.com\/de\/3995\/top-weihnachtsvideo-auf-youtube-2014\/\" aria-label=\"Read More Top vid\u00e9o No\u00ebl Youtube\" class=\"kadence-post-image-inner-wrap\"><img decoding=\"async\" width=\"500\" height=\"371\" data-src=\"https:\/\/www.blognoel.com\/wp-content\/smush-webp\/2018\/12\/video-merry-christmas-500x371.jpg.webp\" class=\"attachment-large size-large wp-post-image lazyload\" alt=\"\" data-srcset=\"https:\/\/www.blognoel.com\/wp-content\/smush-webp\/2018\/12\/video-merry-christmas-500x371.jpg.webp 500w, https:\/\/www.blognoel.com\/wp-content\/smush-webp\/2018\/12\/video-merry-christmas-160x120.jpg.webp 160w, https:\/\/www.blognoel.com\/wp-content\/smush-webp\/2018\/12\/video-merry-christmas-300x223.jpg.webp 300w, https:\/\/www.blognoel.com\/wp-content\/smush-webp\/2018\/12\/video-merry-christmas-768x570.jpg.webp 768w, https:\/\/www.blognoel.com\/wp-content\/smush-webp\/2018\/12\/video-merry-christmas.jpg.webp 1280w\" data-sizes=\"(max-width: 500px) 100vw, 500px\" src=\"data:image\/svg+xml;base64,PHN2ZyB3aWR0aD0iMSIgaGVpZ2h0PSIxIiB4bWxucz0iaHR0cDovL3d3dy53My5vcmcvMjAwMC9zdmciPjwvc3ZnPg==\" style=\"--smush-placeholder-width: 500px; --smush-placeholder-aspect-ratio: 500\/371;\" data-smush-webp-fallback=\"{&quot;data-src&quot;:&quot;https:\\\/\\\/www.blognoel.com\\\/wp-content\\\/uploads\\\/2018\\\/12\\\/video-merry-christmas-500x371.jpg&quot;,&quot;data-srcset&quot;:&quot;https:\\\/\\\/www.blognoel.com\\\/wp-content\\\/uploads\\\/2018\\\/12\\\/video-merry-christmas-500x371.jpg 500w, https:\\\/\\\/www.blognoel.com\\\/wp-content\\\/uploads\\\/2018\\\/12\\\/video-merry-christmas-160x120.jpg 160w, https:\\\/\\\/www.blognoel.com\\\/wp-content\\\/uploads\\\/2018\\\/12\\\/video-merry-christmas-300x223.jpg 300w, https:\\\/\\\/www.blognoel.com\\\/wp-content\\\/uploads\\\/2018\\\/12\\\/video-merry-christmas-768x570.jpg 768w, https:\\\/\\\/www.blognoel.com\\\/wp-content\\\/uploads\\\/2018\\\/12\\\/video-merry-christmas.jpg 1280w&quot;}\" \/><\/a><\/div><\/div><\/div><div class=\"kt-blocks-post-grid-item-inner\"><header><h2 class=\"entry-title\"><a href=\"https:\/\/www.blognoel.com\/de\/3995\/top-weihnachtsvideo-auf-youtube-2014\/\">Top vid\u00e9o No\u00ebl Youtube<\/a><\/h2><div class=\"kt-blocks-post-top-meta\"><div class=\"kt-blocks-date\"><span class=\"kt-blocks-date-pretext\">Ver\u00f6ffentlicht am <\/span><time datetime=\"2025-11-11T14:39:00+01:00\" class=\"kt-blocks-post-date\">11 November 2025<\/time><\/div><\/div><\/header><div class=\"entry-content\">Top-Weihnachtsvideos auf YouTube \u2013 Die besten Videos zu Weihnachten, Cartoons, Humor, Musik und Traditionen.<\/div><footer class=\"kt-blocks-post-footer\"><div class=\"kt-blocks-post-footer-left\"><\/div><div class=\"kt-blocks-post-footer-right\"><\/div><\/footer><\/div><\/div><\/article><article class=\"kt-blocks-post-grid-item post-2697 post type-post status-publish format-standard has-post-thumbnail hentry category-images category-traditions tag-images-2 tag-pere-noel tag-sexy tag-tradition\"><div class=\"kt-blocks-post-grid-item-inner-wrap kt-feat-image-align-left kt-feat-image-mobile-align-top\"><div class=\"kadence-post-image\"><div class=\"kadence-post-image-intrisic kt-image-ratio-133-33\" style=\"padding-bottom:133.33%;\"><div class=\"kadence-post-image-inner-intrisic\"><a href=\"https:\/\/www.blognoel.com\/de\/2697\/der-weihnachtsmann-in-bildern\/\" aria-label=\"Read More M\u00e8re-No\u00ebl 2014 en images\" class=\"kadence-post-image-inner-wrap\"><img decoding=\"async\" width=\"500\" height=\"375\" data-src=\"https:\/\/www.blognoel.com\/wp-content\/smush-webp\/2014\/12\/fond-d\u00e9cran-m\u00e8re-no\u00ebl-en-gros-plan-500x375.jpg.webp\" class=\"attachment-large size-large wp-post-image lazyload\" alt=\"\" data-srcset=\"https:\/\/www.blognoel.com\/wp-content\/smush-webp\/2014\/12\/fond-d\u00e9cran-m\u00e8re-no\u00ebl-en-gros-plan-500x375.jpg.webp 500w, https:\/\/www.blognoel.com\/wp-content\/smush-webp\/2014\/12\/fond-d\u00e9cran-m\u00e8re-no\u00ebl-en-gros-plan-160x120.jpg.webp 160w, https:\/\/www.blognoel.com\/wp-content\/smush-webp\/2014\/12\/fond-d\u00e9cran-m\u00e8re-no\u00ebl-en-gros-plan-300x225.jpg.webp 300w, https:\/\/www.blognoel.com\/wp-content\/smush-webp\/2014\/12\/fond-d\u00e9cran-m\u00e8re-no\u00ebl-en-gros-plan.jpg.webp 1920w\" data-sizes=\"(max-width: 500px) 100vw, 500px\" src=\"data:image\/svg+xml;base64,PHN2ZyB3aWR0aD0iMSIgaGVpZ2h0PSIxIiB4bWxucz0iaHR0cDovL3d3dy53My5vcmcvMjAwMC9zdmciPjwvc3ZnPg==\" style=\"--smush-placeholder-width: 500px; --smush-placeholder-aspect-ratio: 500\/375;\" data-smush-webp-fallback=\"{&quot;data-src&quot;:&quot;https:\\\/\\\/www.blognoel.com\\\/wp-content\\\/uploads\\\/2014\\\/12\\\/fond-d\\u00e9cran-m\\u00e8re-no\\u00ebl-en-gros-plan-500x375.jpg&quot;,&quot;data-srcset&quot;:&quot;https:\\\/\\\/www.blognoel.com\\\/wp-content\\\/uploads\\\/2014\\\/12\\\/fond-d\\u00e9cran-m\\u00e8re-no\\u00ebl-en-gros-plan-500x375.jpg 500w, https:\\\/\\\/www.blognoel.com\\\/wp-content\\\/uploads\\\/2014\\\/12\\\/fond-d\\u00e9cran-m\\u00e8re-no\\u00ebl-en-gros-plan-160x120.jpg 160w, https:\\\/\\\/www.blognoel.com\\\/wp-content\\\/uploads\\\/2014\\\/12\\\/fond-d\\u00e9cran-m\\u00e8re-no\\u00ebl-en-gros-plan-300x225.jpg 300w, https:\\\/\\\/www.blognoel.com\\\/wp-content\\\/uploads\\\/2014\\\/12\\\/fond-d\\u00e9cran-m\\u00e8re-no\\u00ebl-en-gros-plan.jpg 1920w&quot;}\" \/><\/a><\/div><\/div><\/div><div class=\"kt-blocks-post-grid-item-inner\"><header><h2 class=\"entry-title\"><a href=\"https:\/\/www.blognoel.com\/de\/2697\/der-weihnachtsmann-in-bildern\/\">Weihnachtsfest 2014 in Bildern<\/a><\/h2><div class=\"kt-blocks-post-top-meta\"><div class=\"kt-blocks-date\"><span class=\"kt-blocks-date-pretext\">Ver\u00f6ffentlicht am <\/span><time datetime=\"2014-12-06T09:48:21+01:00\" class=\"kt-blocks-post-date\">6. Dezember 2014<\/time><\/div><\/div><\/header><div class=\"entry-content\">Weihnachtsfrau 2014 Fotogalerie mit wundersch\u00f6nen Weihnachtsfrauen in Rot und Wei\u00df.<\/div><footer class=\"kt-blocks-post-footer\"><div class=\"kt-blocks-post-footer-left\"><\/div><div class=\"kt-blocks-post-footer-right\"><\/div><\/footer><\/div><\/div><\/article><article class=\"kt-blocks-post-grid-item post-886 post type-post status-publish format-standard hentry category-anecdote category-fete-de-noel tag-anecdote-2 tag-enfants tag-famille tag-noel tag-pere-noel\"><div class=\"kt-blocks-post-grid-item-inner-wrap kt-feat-image-align-none kt-feat-image-mobile-align-top\"><div class=\"kt-blocks-post-grid-item-inner\"><header><h2 class=\"entry-title\"><a href=\"https:\/\/www.blognoel.com\/de\/886\/brief-an-den-weihnachtsmann\/\">Brief an den Weihnachtsmann<\/a><\/h2><div class=\"kt-blocks-post-top-meta\"><div class=\"kt-blocks-date\"><span class=\"kt-blocks-date-pretext\">Ver\u00f6ffentlicht am <\/span><time datetime=\"2014-11-28T11:09:03+01:00\" class=\"kt-blocks-post-date\">28. November 2014<\/time><\/div><\/div><\/header><div class=\"entry-content\">Lieber Weihnachtsmann, auch wenn ich heute so alt bin wie du, erinnere ich mich noch daran, wie oft ich jedes Jahr von dir getr\u00e4umt habe. Auch wenn ich oft die Tage gez\u00e4hlt habe...<\/div><footer class=\"kt-blocks-post-footer\"><div class=\"kt-blocks-post-footer-left\"><\/div><div class=\"kt-blocks-post-footer-right\"><\/div><\/footer><\/div><\/div><\/article><article class=\"kt-blocks-post-grid-item post-1097 post type-post status-publish format-standard hentry category-fete-de-noel category-histoire tag-art tag-france tag-histoire-2 tag-noel tag-paysage tag-pere-noel tag-reveillon tag-site\"><div class=\"kt-blocks-post-grid-item-inner-wrap kt-feat-image-align-none kt-feat-image-mobile-align-top\"><div class=\"kt-blocks-post-grid-item-inner\"><header><h2 class=\"entry-title\"><a href=\"https:\/\/www.blognoel.com\/de\/1097\/ein-marginales-weihnachten-mit-ethnischer-zugehorigkeit\/\">Ein marginales Weihnachtsfest bei Ethni&#039;Cit\u00e9<\/a><\/h2><div class=\"kt-blocks-post-top-meta\"><div class=\"kt-blocks-date\"><span class=\"kt-blocks-date-pretext\">Ver\u00f6ffentlicht am <\/span><time datetime=\"2014-11-25T23:09:55+01:00\" class=\"kt-blocks-post-date\">25. November 2014<\/time><\/div><\/div><\/header><div class=\"entry-content\">In der N\u00e4he von La Roche Posay und Ch\u00e2tellerault in Frankreich \u00f6ffnet Ethni&#039;Cit\u00e9, das H\u00f6hlendorf St-R\u00e9my-sur-Creuse, seine T\u00fcren, um das Jahresende geb\u00fchrend zu feiern. Der Legende nach \u2026<\/div><footer class=\"kt-blocks-post-footer\"><div class=\"kt-blocks-post-footer-left\"><\/div><div class=\"kt-blocks-post-footer-right\"><\/div><\/footer><\/div><\/div><\/article><article class=\"kt-blocks-post-grid-item post-1410 post type-post status-publish format-standard hentry category-a-la-une category-top category-boutiques category-commerce-2 category-fete-de-noel tag-commerce tag-magasin tag-pere-noel tag-publicite tag-vitrine\"><div class=\"kt-blocks-post-grid-item-inner-wrap kt-feat-image-align-none kt-feat-image-mobile-align-top\"><div class=\"kt-blocks-post-grid-item-inner\"><header><h2 class=\"entry-title\"><a href=\"https:\/\/www.blognoel.com\/de\/1410\/paris-rocknroll-weihnachten-in-den-galeries-lafayette\/\">Paris: Iggy Pop als Weihnachtsmann in den Galeries Lafayette<\/a><\/h2><div class=\"kt-blocks-post-top-meta\"><div class=\"kt-blocks-date\"><span class=\"kt-blocks-date-pretext\">Ver\u00f6ffentlicht am <\/span><time datetime=\"2014-11-24T11:08:51+01:00\" class=\"kt-blocks-post-date\">24. November 2014<\/time><\/div><\/div><\/header><div class=\"entry-content\">Der renommierte Einzelh\u00e4ndler am Boulevard Haussmann in Paris hat gerade eine \u00e4u\u00dferst originelle Werbekampagne gestartet. Ab dem 8. November werden die animierten Schaufenster des Gesch\u00e4fts mit tausend\u2026<\/div><footer class=\"kt-blocks-post-footer\"><div class=\"kt-blocks-post-footer-left\"><\/div><div class=\"kt-blocks-post-footer-right\"><\/div><\/footer><\/div><\/div><\/article><article class=\"kt-blocks-post-grid-item post-2224 post type-post status-publish format-standard hentry category-a-la-une category-top category-musique category-videos tag-auteur tag-chant-de-noel tag-paroles tag-pere-noel tag-video tag-youtube\"><div class=\"kt-blocks-post-grid-item-inner-wrap kt-feat-image-align-none kt-feat-image-mobile-align-top\"><div class=\"kt-blocks-post-grid-item-inner\"><header><h2 class=\"entry-title\"><a href=\"https:\/\/www.blognoel.com\/de\/2224\/weihnachtsmusik-auf-dem-dach\/\">Weihnachtsmusik: Oben auf dem Dach<\/a><\/h2><div class=\"kt-blocks-post-top-meta\"><div class=\"kt-blocks-date\"><span class=\"kt-blocks-date-pretext\">Ver\u00f6ffentlicht am <\/span><time datetime=\"2014-11-22T23:08:39+01:00\" class=\"kt-blocks-post-date\">22. November 2014<\/time><\/div><\/div><\/header><div class=\"entry-content\">Benjamin Hanby, Sohn eines Pfarrers aus Ohio, behauptet, der Komponist des Weihnachtsliedes \u201eUp on the Housetop\u201c zu sein, das 1864 geschrieben wurde. Obwohl er nicht mehr lebte \u2026<\/div><footer class=\"kt-blocks-post-footer\"><div class=\"kt-blocks-post-footer-left\"><\/div><div class=\"kt-blocks-post-footer-right\"><\/div><\/footer><\/div><\/div><\/article><\/div><div class=\"kt-blocks-page-nav\">\n\t<nav class=\"navigation pagination\" aria-label=\"Seitennummerierung der Beitr\u00e4ge\">\n\t\t<h2 class=\"screen-reader-text\">Seitennummerierung der Beitr\u00e4ge<\/h2>\n\t\t<div class=\"nav-links\"><span aria-current=\"page\" class=\"page-numbers current\">1<\/span>\n<a class=\"page-numbers\" href=\"https:\/\/www.blognoel.com\/wp-json\/wp\/v2\/pages\/4486\/page\/2\/\">2<\/a>\n<a class=\"page-numbers\" href=\"https:\/\/www.blognoel.com\/wp-json\/wp\/v2\/pages\/4486\/page\/3\/\">3<\/a>\n<a class=\"page-numbers\" href=\"https:\/\/www.blognoel.com\/wp-json\/wp\/v2\/pages\/4486\/page\/4\/\">4<\/a>\n<span class=\"page-numbers dots\">&hellip;<\/span>\n<a class=\"page-numbers\" href=\"https:\/\/www.blognoel.com\/wp-json\/wp\/v2\/pages\/4486\/page\/9\/\">9<\/a>\n<a class=\"next page-numbers\" href=\"https:\/\/www.blognoel.com\/wp-json\/wp\/v2\/pages\/4486\/page\/2\/\"><span class=\"screen-reader-text\">Next Page<\/span><svg style=\"display:inline-block;vertical-align:middle\" aria-hidden=\"true\" class=\"kt-blocks-pagination-right-svg\" viewbox=\"0 0 320 512\" height=\"14\" width=\"8\" fill=\"currentColor\" xmlns=\"http:\/\/www.w3.org\/2000\/svg\"><path d=\"M285.476 272.971L91.132 467.314c-9.373 9.373-24.569 9.373-33.941 0l-22.667-22.667c-9.357-9.357-9.375-24.522-.04-33.901L188.505 256 34.484 101.255c-9.335-9.379-9.317-24.544.04-33.901l22.667-22.667c9.373-9.373 24.569-9.373 33.941 0L285.475 239.03c9.373 9.372 9.373 24.568.001 33.941z\"><\/path><\/svg><\/a><\/div>\n\t<\/nav><\/div><\/div><!-- .wp-block-kadence-postgrid -->\n\n\n<p class=\"wp-block-paragraph\"><\/p>","protected":false},"excerpt":{"rendered":"<p>\ud83c\udf85 P\u00e8re No\u00ebl : histoire, traditions et regards anthropologiques sur une l\u00e9gende universelle Le P\u00e8re No\u00ebl est sans doute l\u2019un des personnages les plus connus et les plus aim\u00e9s au monde. Chaque fin d\u2019ann\u00e9e, il envahit les vitrines, les films, les cartes postales et surtout l\u2019imaginaire des enfants. Mais qui est vraiment ce vieil homme&#8230;<\/p>","protected":false},"author":18,"featured_media":4490,"parent":4602,"menu_order":0,"comment_status":"closed","ping_status":"closed","template":"","meta":{"_kad_blocks_custom_css":"","_kad_blocks_head_custom_js":"","_kad_blocks_body_custom_js":"","_kad_blocks_footer_custom_js":"","_kadence_starter_templates_imported_post":false,"_kad_post_transparent":"","_kad_post_title":"","_kad_post_layout":"","_kad_post_sidebar_id":"","_kad_post_content_style":"","_kad_post_vertical_padding":"","_kad_post_feature":"","_kad_post_feature_position":"","_kad_post_header":false,"_kad_post_footer":false,"_kad_post_classname":"","footnotes":""},"class_list":["post-4486","page","type-page","status-publish","has-post-thumbnail","hentry"],"taxonomy_info":[],"featured_image_src_large":["https:\/\/www.blognoel.com\/wp-content\/uploads\/2025\/09\/Le-Pere-Noel-au-chaud-devant-le-feu-800x1200.png",800,1200,true],"author_info":{"display_name":"Jean","author_link":"https:\/\/www.blognoel.com\/de\/author\/bcbg12\/"},"comment_info":0,"jetpack_sharing_enabled":true,"_links":{"self":[{"href":"https:\/\/www.blognoel.com\/de\/wp-json\/wp\/v2\/pages\/4486","targetHints":{"allow":["GET"]}}],"collection":[{"href":"https:\/\/www.blognoel.com\/de\/wp-json\/wp\/v2\/pages"}],"about":[{"href":"https:\/\/www.blognoel.com\/de\/wp-json\/wp\/v2\/types\/page"}],"author":[{"embeddable":true,"href":"https:\/\/www.blognoel.com\/de\/wp-json\/wp\/v2\/users\/18"}],"replies":[{"embeddable":true,"href":"https:\/\/www.blognoel.com\/de\/wp-json\/wp\/v2\/comments?post=4486"}],"version-history":[{"count":3,"href":"https:\/\/www.blognoel.com\/de\/wp-json\/wp\/v2\/pages\/4486\/revisions"}],"predecessor-version":[{"id":4954,"href":"https:\/\/www.blognoel.com\/de\/wp-json\/wp\/v2\/pages\/4486\/revisions\/4954"}],"up":[{"embeddable":true,"href":"https:\/\/www.blognoel.com\/de\/wp-json\/wp\/v2\/pages\/4602"}],"wp:featuredmedia":[{"embeddable":true,"href":"https:\/\/www.blognoel.com\/de\/wp-json\/wp\/v2\/media\/4490"}],"wp:attachment":[{"href":"https:\/\/www.blognoel.com\/de\/wp-json\/wp\/v2\/media?parent=4486"}],"curies":[{"name":"wp","href":"https:\/\/api.w.org\/{rel}","templated":true}]}}